{"id":37570,"date":"2021-06-30T10:41:15","date_gmt":"2021-06-30T08:41:15","guid":{"rendered":"https:\/\/www.amiblu.com\/?page_id=37570"},"modified":"2022-03-03T13:33:28","modified_gmt":"2022-03-03T12:33:28","slug":"ochrana-osobnich-udaju","status":"publish","type":"page","link":"https:\/\/www.amiblu.com\/cs\/ochrana-osobnich-udaju\/","title":{"rendered":"Ochrana osobn\u00edch \u00fadaj\u016f"},"content":{"rendered":"\n<style type=\"text\/css\" data-created_by=\"avia_inline_auto\" id=\"style-css-av-kqj886dg-f29b6a66105918d5bf93179720521db5\">\n#top .av-special-heading.av-kqj886dg-f29b6a66105918d5bf93179720521db5{\npadding-bottom:10px;\n}\nbody .av-special-heading.av-kqj886dg-f29b6a66105918d5bf93179720521db5 .av-special-heading-tag .heading-char{\nfont-size:25px;\n}\n.av-special-heading.av-kqj886dg-f29b6a66105918d5bf93179720521db5 .av-subheading{\nfont-size:15px;\n}\n<\/style>\n<div  class='av-special-heading av-kqj886dg-f29b6a66105918d5bf93179720521db5 av-special-heading-h1 blockquote modern-quote  avia-builder-el-0  el_before_av_textblock  avia-builder-el-first '><h1 class='av-special-heading-tag '  itemprop=\"headline\"  >Z\u00e1sady ochrany osobn\u00edch \u00fadaj\u016f ve skupin\u011b Amiblu<\/h1><div class=\"special-heading-border\"><div class=\"special-heading-inner-border\"><\/div><\/div><\/div>\n<section  class='av_textblock_section av-kkxzxc1l-7f33b4d4b87faa09f279d9f27cda48f1 '   itemscope=\"itemscope\" itemtype=\"https:\/\/schema.org\/CreativeWork\" ><div class='avia_textblock'  itemprop=\"text\" ><p><strong>1. Obecn\u00e9 informace<\/strong><\/p>\n<p>Ochrana va\u0161ich osobn\u00edch \u00fadaj\u016f je pro n\u00e1s kl\u00ed\u010dov\u00e1 a proto m\u00e1 vysokou prioritu. Z tohoto d\u016fvodu zpracov\u00e1v\u00e1me va\u0161e \u00fadaje pouze na z\u00e1klad\u011b platn\u00fdch p\u0159edpis\u016f o ochran\u011b osobn\u00edch \u00fadaj\u016f, zejm\u00e9na s ohledem na obecn\u00e9 na\u0159\u00edzen\u00ed EU o ochran\u011b osobn\u00edch \u00fadaj\u016f (GDPR) a rakousk\u00fd z\u00e1kon o ochran\u011b osobn\u00edch \u00fadaj\u016f a z\u00e1kon o telekomunikac\u00edch. V tomto prohl\u00e1\u0161en\u00ed o ochran\u011b \u00fadaj\u016f v\u00e1s informujeme o kl\u00ed\u010dov\u00fdch aspektech zpracov\u00e1n\u00ed \u00fadaj\u016f ve vztahu k na\u0161im webov\u00fdm str\u00e1nk\u00e1m.<\/p>\n<p><strong>2. Va\u0161e data<\/strong><\/p>\n<p><strong>2.1 Sb\u011br a zpracov\u00e1n\u00ed va\u0161ich \u00fadaj\u016f<\/strong><\/p>\n<p>Zpracov\u00e1n\u00ed osobn\u00edch \u00fadaj\u016f, kter\u00e9 jste n\u00e1m dobrovoln\u011b poskytli pro vyu\u017eit\u00ed zvl\u00e1\u0161tn\u00edch slu\u017eeb a port\u00e1l\u016f, je nezbytn\u00e9 pro zpracov\u00e1n\u00ed va\u0161ich dotaz\u016f, objedn\u00e1vek, \u017e\u00e1dost\u00ed apod. za \u00fa\u010delem p\u0159\u00edpravy a uzav\u00edr\u00e1n\u00ed smluv a k zas\u00edl\u00e1n\u00ed informa\u010dn\u00edch novinek.<\/p>\n<p><strong>2.2 P\u0159ed\u00e1v\u00e1n\u00ed va\u0161ich dat<\/strong><\/p>\n<p>Tato data budeme p\u0159ev\u00e1d\u011bt pouze v r\u00e1mci skupiny Amiblu a jen pokud budou slou\u017eit k pln\u011bn\u00ed smluv nebo va\u0161ich po\u017eadavk\u016f. Va\u0161e osobn\u00ed \u00fadaje uchov\u00e1v\u00e1me d\u016fv\u011brn\u00e9 a nebudeme je prod\u00e1vat, pronaj\u00edmat ani zp\u0159\u00edstup\u0148ovat t\u0159et\u00edm osob\u00e1m.<\/p>\n<p>P\u0159ed\u00e1v\u00e1n\u00ed st\u00e1tn\u00edm instituc\u00edm a org\u00e1n\u016fm prob\u00edh\u00e1 pouze v kontextu z\u00e1vazn\u00fdch vnitrost\u00e1tn\u00edch pr\u00e1vn\u00edch p\u0159edpis\u016f.<\/p>\n<p><strong>3. Cookies<\/strong><\/p>\n<p>V\u0161echny webov\u00e9 str\u00e1nky Amiblu pou\u017e\u00edvaj\u00ed cookies. Cookie je mal\u00fd textov\u00fd soubor, kter\u00fd je ulo\u017een v po\u010d\u00edta\u010di. Cookie umo\u017e\u0148uje va\u0161emu prohl\u00ed\u017ee\u010di rozpoznat v\u00e1s a va\u0161e nejnov\u011bj\u0161\u00ed nastaven\u00ed (nap\u0159. nastaven\u00ed jazyka) na webov\u00fdch str\u00e1nk\u00e1ch. Va\u0161e nastaven\u00ed budou okam\u017eit\u011b k dispozici a nemusej\u00ed b\u00fdt znovu nastavov\u00e1na.<\/p>\n<p>Pokud nechcete, abychom rozpoznali va\u0161e koncov\u00e9 za\u0159\u00edzen\u00ed, pros\u00edm nakonfigurujte internetov\u00fd prohl\u00ed\u017ee\u010d tak, abyste vymazali v\u0161echny soubory cookie ze za\u0159\u00edzen\u00ed, zablokovali v\u0161echny cookies nebo obdr\u017eeli varov\u00e1n\u00ed p\u0159ed ulo\u017een\u00edm souboru cookie.<\/p>\n<p>Vezm\u011bte pros\u00edm na v\u011bdom\u00ed, \u017ee n\u011bkter\u00e9 funkce na\u0161ich webov\u00fdch str\u00e1nek ji\u017e nemus\u00ed fungovat, nebo ne spr\u00e1vn\u011b, bez cookies.<\/p>\n<p><strong>4. Google Analytics<\/strong><\/p>\n<p>Tento web pou\u017e\u00edv\u00e1 slu\u017ebu Google Analytics, webovou analytickou slu\u017ebu poskytovanou spole\u010dnost\u00ed Google, Inc. (\u201eGoogle\u201c). Slu\u017eba Google Analytics pou\u017e\u00edv\u00e1 soubory cookies, co\u017e jsou textov\u00e9 soubory um\u00edst\u011bn\u00e9 v po\u010d\u00edta\u010di, kter\u00e9 pom\u00e1haj\u00ed webov\u00e9 str\u00e1nce analyzovat, jak u\u017eivatel\u00e9 vyu\u017e\u00edvaj\u00ed web. Informace vygenerovan\u00e9 cookie o va\u0161em pou\u017e\u00edv\u00e1n\u00ed webov\u00fdch str\u00e1nek (v\u010detn\u011b va\u0161\u00ed IP adresy) budou p\u0159ed\u00e1ny a ulo\u017eeny spole\u010dnost\u00ed Google na serverech ve Spojen\u00fdch st\u00e1tech. Spole\u010dnost Google tyto informace pou\u017eije k vyhodnocen\u00ed va\u0161eho pou\u017e\u00edv\u00e1n\u00ed webov\u00fdch str\u00e1nek, sestavov\u00e1n\u00ed p\u0159ehled\u016f o \u010dinnosti webov\u00fdch str\u00e1nek pro provozovatele webov\u00fdch str\u00e1nek a poskytov\u00e1n\u00ed dal\u0161\u00edch slu\u017eeb souvisej\u00edc\u00edch s aktivitou webov\u00fdch str\u00e1nek a pou\u017e\u00edv\u00e1n\u00edm internetu. Spole\u010dnost Google m\u016f\u017ee tyto informace tak\u00e9 p\u0159edat t\u0159et\u00edm stran\u00e1m, je-li to vy\u017eadov\u00e1no z\u00e1konem, nebo pokud tyto t\u0159et\u00ed strany zpracov\u00e1vaj\u00ed informace jm\u00e9nem spole\u010dnosti Google. Spole\u010dnost Google nebude p\u0159i\u0159azovat va\u0161i IP adresu jin\u00fdm dat\u016fm, kter\u00e1 spole\u010dnost Google dr\u017e\u00ed.<\/p>\n<p>Soubory cookie m\u016f\u017eete odm\u00edtnout v\u00fdb\u011brem p\u0159\u00edslu\u0161n\u00fdch nastaven\u00ed v prohl\u00ed\u017ee\u010di. Vezm\u011bte pros\u00edm na v\u011bdom\u00ed, \u017ee pokud to ud\u011bl\u00e1te, mo\u017en\u00e1 nebudete moci vyu\u017e\u00edvat plnou funk\u010dnost tohoto webu. Krom\u011b toho m\u016f\u017eete zabr\u00e1nit sb\u011bru a zpracov\u00e1n\u00ed \u00fadaj\u016f spole\u010dnosti Google t\u00fdkaj\u00edc\u00ed se pou\u017e\u00edv\u00e1n\u00ed webov\u00fdch str\u00e1nek (v\u010detn\u011b va\u0161\u00ed adresy IP) sta\u017een\u00edm a instalac\u00ed dopl\u0148ku prohl\u00ed\u017ee\u010de pro odm\u00edtnut\u00ed slu\u017eby Google Analytics.<\/p>\n<p>Pou\u017e\u00edv\u00e1n\u00edm t\u00e9to webov\u00e9 str\u00e1nky vyjad\u0159ujete souhlas se zpracov\u00e1n\u00edm \u00fadaj\u016f shrom\u00e1\u017ed\u011bn\u00fdch spole\u010dnost\u00ed Google o v\u00e1s v\u00fd\u0161e popsan\u00fdm zp\u016fsobem a za v\u00fd\u0161e uveden\u00fdmi \u00fa\u010dely. Pou\u017eit\u00ed slu\u017eby Google Analytics m\u00e1 jedin\u00fd \u00fa\u010del pro optimalizaci a n\u00e1vrh zalo\u017een\u00fd na pot\u0159eb\u00e1ch na\u0161ich webov\u00fdch str\u00e1nek. Dal\u0161\u00ed informace o technologi\u00edch pou\u017e\u00edvan\u00fdch spole\u010dnost\u00ed Google naleznete na n\u00e1sleduj\u00edc\u00edm odkazu: <a href=\"https:\/\/marketingplatform.google.com\/about\/analytics\/\" target=\"_blank\" rel=\"noopener noreferrer\">www.google.com\/analytics<\/a>.<\/p>\n<p><strong>5. Zpravodaj<\/strong><\/p>\n<p>M\u00e1te mo\u017enost se p\u0159ihl\u00e1sit k odb\u011bru na\u0161eho newsletteru prost\u0159ednictv\u00edm na\u0161ich webov\u00fdch str\u00e1nek. K tomu pot\u0159ebujeme va\u0161e jm\u00e9no, e-mailovou adresu, firmu, v n\u00ed\u017e pracujete, zemi, ve kter\u00e9 \u017eijete a v\u00e1\u0161 souhlas s t\u00edm, \u017ee souhlas\u00edte s p\u0159ijet\u00edm zpravodaje a zpracov\u00e1n\u00edm va\u0161ich osobn\u00edch \u00fadaj\u016f.<\/p>\n<p>M\u016f\u017eete zm\u011bnit preference newsletteru nebo se odhl\u00e1sit z odb\u011bru na\u0161eho newsletteru bez upozorn\u011bn\u00ed a to p\u0159\u00edmo ve va\u0161em \u00fa\u010dtu nebo e-mailem na adresu info@amiblu.com. Okam\u017eit\u011b odstran\u00edme \u00fadaje t\u00fdkaj\u00edc\u00ed se odb\u011bru newsletteru.<\/p>\n<p><strong>6. Va\u0161e pr\u00e1va<\/strong><\/p>\n<p>M\u00e1te pr\u00e1vo po\u017eadovat od spole\u010dnosti Amiblu informace o osobn\u00edch \u00fadaj\u00edch, kter\u00e9 jsme o v\u00e1s ulo\u017eili. Krom\u011b toho m\u00e1te pr\u00e1vo po\u017eadovat, aby byly \u00fadaje opraveny, odstran\u011bny, omezeny, odm\u00edtnuty pro zpracov\u00e1n\u00ed a \u017ee vy nebo t\u0159et\u00ed strana, kterou jste uvedli, p\u0159evedete ulo\u017een\u00e9 \u00fadaje do vhodn\u00e9 formy.<\/p>\n<p>Pokud v\u00e1\u0161 po\u017eadavek nelze nebo nebude vy\u0159e\u0161en do jednoho m\u011bs\u00edce od obdr\u017een\u00ed \u017e\u00e1dosti, m\u00e1te pr\u00e1vo podat st\u00ed\u017enost u dozor\u010d\u00edho org\u00e1nu. P\u0159\u00edslu\u0161n\u00fdm org\u00e1nem dozoru je rakousk\u00fd \u00fa\u0159ad pro ochranu \u00fadaj\u016f ve V\u00eddni.<\/p>\n<p><strong>7. Va\u0161e po\u017eadavky<\/strong><\/p>\n<p>Pokud m\u00e1te jak\u00e9koliv dotazy t\u00fdkaj\u00edc\u00ed se ochrany osobn\u00edch \u00fadaj\u016f a uplatn\u011bn\u00ed v\u00fd\u0161e uveden\u00fdch pr\u00e1v, obra\u0165te se na koordin\u00e1tora ochrany \u00fadaj\u016f spole\u010dnosti Amiblu takto:<\/p>\n<p>Amiblu Holding GmbH<strong><br \/>\n<\/strong>Data Protection Coordinator<\/p>\n<p>Sterneckstra\u00dfe 19<br \/>\n9020 Klagenfurt am W\u00f6rthersee<br \/>\nAustria<\/p>\n<p><img decoding=\"async\" class=\"alignnone size-full wp-image-44826\" src=\"https:\/\/www.amiblu.com\/wp-content\/uploads\/privacy@amiblu.com-address.png\" alt=\"privacy@amiblu.com\" width=\"124\" height=\"16\" \/><\/p>\n<p>Uve\u010fte pros\u00edm kontaktn\u00ed \u00fadaje, n\u00e1zev webov\u00e9 str\u00e1nky nebo slu\u017eby a podrobn\u00fd popis va\u0161eho dotazu nebo \u017e\u00e1dosti nebo va\u0161eho znepokojen\u00ed ohledn\u011b ochrany \u00fadaj\u016f.<\/p>\n<p>\u017d\u00e1d\u00e1me v\u0161ak o va\u0161e pochopen\u00ed, \u017ee pro va\u0161i ochranu p\u0159ed dotazy nebo dotazy neopr\u00e1vn\u011bn\u00fdmi t\u0159et\u00edmi osobami poskytneme pouze p\u00edsemn\u00e9 informace na po\u0161tovn\u00ed adresu, kterou jste ulo\u017eili na p\u0159\u00edslu\u0161n\u00fdch port\u00e1lech.<\/p>\n<p><strong>8. Zm\u011bny z\u00e1sad ochrany osobn\u00edch \u00fadaj\u016f<\/strong><\/p>\n<p>Tato politika ochrany \u00fadaj\u016f bude \u010das od \u010dasu revidov\u00e1na. Proto doporu\u010dujeme pravideln\u011b kontrolovat z\u00e1sady ochrany osobn\u00edch \u00fadaj\u016f.<\/p>\n<\/div><\/section>\n","protected":false},"excerpt":{"rendered":"","protected":false},"author":8,"featured_media":0,"parent":0,"menu_order":210,"comment_status":"closed","ping_status":"closed","template":"","meta":{"_acf_changed":false,"footnotes":""},"class_list":["post-37570","page","type-page","status-publish","hentry"],"acf":[],"yoast_head":"<!-- This site is optimized with the Yoast SEO Premium plugin v27.4 (Yoast SEO v27.4) - https:\/\/yoast.com\/product\/yoast-seo-premium-wordpress\/ -->\n<title>Ochrana osobn\u00edch \u00fadaj\u016f<\/title>\n<meta name=\"description\" content=\"V tomto prohl\u00e1\u0161en\u00ed o ochran\u011b \u00fadaj\u016f v\u00e1s informujeme o kl\u00ed\u010dov\u00fdch aspektech zpracov\u00e1n\u00ed \u00fadaj\u016f ve vztahu k na\u0161im webov\u00fdm str\u00e1nk\u00e1m.\" \/>\n<meta name=\"robots\" content=\"index, follow, max-snippet:-1, max-image-preview:large, max-video-preview:-1\" \/>\n<link rel=\"canonical\" href=\"https:\/\/www.amiblu.com\/cs\/ochrana-osobnich-udaju\/\" \/>\n<meta property=\"og:locale\" content=\"cs_CZ\" \/>\n<meta property=\"og:type\" content=\"article\" \/>\n<meta property=\"og:title\" content=\"Ochrana osobn\u00edch \u00fadaj\u016f\" \/>\n<meta property=\"og:description\" content=\"V tomto prohl\u00e1\u0161en\u00ed o ochran\u011b \u00fadaj\u016f v\u00e1s informujeme o kl\u00ed\u010dov\u00fdch aspektech zpracov\u00e1n\u00ed \u00fadaj\u016f ve vztahu k na\u0161im webov\u00fdm str\u00e1nk\u00e1m.\" \/>\n<meta property=\"og:url\" content=\"https:\/\/www.amiblu.com\/cs\/ochrana-osobnich-udaju\/\" \/>\n<meta property=\"og:site_name\" content=\"Amiblu\" \/>\n<meta property=\"article:publisher\" content=\"https:\/\/www.facebook.com\/amiblupipes\" \/>\n<meta property=\"article:modified_time\" content=\"2022-03-03T12:33:28+00:00\" \/>\n<meta property=\"og:image\" content=\"https:\/\/www.amiblu.com\/wp-content\/uploads\/privacy@amiblu.com-address.png\" \/>\n<meta name=\"twitter:card\" content=\"summary_large_image\" \/>\n<meta name=\"twitter:label1\" content=\"Odhadovan\u00e1 doba \u010dten\u00ed\" \/>\n\t<meta name=\"twitter:data1\" content=\"4 minuty\" \/>\n<script type=\"application\/ld+json\" class=\"yoast-schema-graph\">{\"@context\":\"https:\\\/\\\/schema.org\",\"@graph\":[{\"@type\":\"WebPage\",\"@id\":\"https:\\\/\\\/www.amiblu.com\\\/cs\\\/ochrana-osobnich-udaju\\\/\",\"url\":\"https:\\\/\\\/www.amiblu.com\\\/cs\\\/ochrana-osobnich-udaju\\\/\",\"name\":\"Ochrana osobn\u00edch \u00fadaj\u016f\",\"isPartOf\":{\"@id\":\"https:\\\/\\\/www.amiblu.com\\\/cs\\\/#website\"},\"primaryImageOfPage\":{\"@id\":\"https:\\\/\\\/www.amiblu.com\\\/cs\\\/ochrana-osobnich-udaju\\\/#primaryimage\"},\"image\":{\"@id\":\"https:\\\/\\\/www.amiblu.com\\\/cs\\\/ochrana-osobnich-udaju\\\/#primaryimage\"},\"thumbnailUrl\":\"https:\\\/\\\/www.amiblu.com\\\/wp-content\\\/uploads\\\/privacy@amiblu.com-address.png\",\"datePublished\":\"2021-06-30T08:41:15+00:00\",\"dateModified\":\"2022-03-03T12:33:28+00:00\",\"description\":\"V tomto prohl\u00e1\u0161en\u00ed o ochran\u011b \u00fadaj\u016f v\u00e1s informujeme o kl\u00ed\u010dov\u00fdch aspektech zpracov\u00e1n\u00ed \u00fadaj\u016f ve vztahu k na\u0161im webov\u00fdm str\u00e1nk\u00e1m.\",\"inLanguage\":\"cs\",\"potentialAction\":[{\"@type\":\"ReadAction\",\"target\":[\"https:\\\/\\\/www.amiblu.com\\\/cs\\\/ochrana-osobnich-udaju\\\/\"]}]},{\"@type\":\"ImageObject\",\"inLanguage\":\"cs\",\"@id\":\"https:\\\/\\\/www.amiblu.com\\\/cs\\\/ochrana-osobnich-udaju\\\/#primaryimage\",\"url\":\"https:\\\/\\\/www.amiblu.com\\\/wp-content\\\/uploads\\\/privacy@amiblu.com-address.png\",\"contentUrl\":\"https:\\\/\\\/www.amiblu.com\\\/wp-content\\\/uploads\\\/privacy@amiblu.com-address.png\"},{\"@type\":\"WebSite\",\"@id\":\"https:\\\/\\\/www.amiblu.com\\\/cs\\\/#website\",\"url\":\"https:\\\/\\\/www.amiblu.com\\\/cs\\\/\",\"name\":\"Amiblu\",\"description\":\"GFK-Rohrsysteme f\u00fcr Generationen\",\"publisher\":{\"@id\":\"https:\\\/\\\/www.amiblu.com\\\/cs\\\/#organization\"},\"potentialAction\":[{\"@type\":\"SearchAction\",\"target\":{\"@type\":\"EntryPoint\",\"urlTemplate\":\"https:\\\/\\\/www.amiblu.com\\\/cs\\\/?s={search_term_string}\"},\"query-input\":{\"@type\":\"PropertyValueSpecification\",\"valueRequired\":true,\"valueName\":\"search_term_string\"}}],\"inLanguage\":\"cs\"},{\"@type\":\"Organization\",\"@id\":\"https:\\\/\\\/www.amiblu.com\\\/cs\\\/#organization\",\"name\":\"Amiblu Group\",\"url\":\"https:\\\/\\\/www.amiblu.com\\\/cs\\\/\",\"logo\":{\"@type\":\"ImageObject\",\"inLanguage\":\"cs\",\"@id\":\"https:\\\/\\\/www.amiblu.com\\\/cs\\\/#\\\/schema\\\/logo\\\/image\\\/\",\"url\":\"https:\\\/\\\/www.amiblu.com\\\/wp-content\\\/uploads\\\/2021\\\/01\\\/Amiblu-logo-website-1.png\",\"contentUrl\":\"https:\\\/\\\/www.amiblu.com\\\/wp-content\\\/uploads\\\/2021\\\/01\\\/Amiblu-logo-website-1.png\",\"width\":201,\"height\":38,\"caption\":\"Amiblu Group\"},\"image\":{\"@id\":\"https:\\\/\\\/www.amiblu.com\\\/cs\\\/#\\\/schema\\\/logo\\\/image\\\/\"},\"sameAs\":[\"https:\\\/\\\/www.facebook.com\\\/amiblupipes\",\"https:\\\/\\\/www.youtube.com\\\/c\\\/Amiblu\",\"https:\\\/\\\/de.wikipedia.org\\\/wiki\\\/Amiblu\",\"https:\\\/\\\/www.linkedin.com\\\/company\\\/amiblupipes\\\/\"]}]}<\/script>\n<!-- \/ Yoast SEO Premium plugin. -->","yoast_head_json":{"title":"Ochrana osobn\u00edch \u00fadaj\u016f","description":"V tomto prohl\u00e1\u0161en\u00ed o ochran\u011b \u00fadaj\u016f v\u00e1s informujeme o kl\u00ed\u010dov\u00fdch aspektech zpracov\u00e1n\u00ed \u00fadaj\u016f ve vztahu k na\u0161im webov\u00fdm str\u00e1nk\u00e1m.","robots":{"index":"index","follow":"follow","max-snippet":"max-snippet:-1","max-image-preview":"max-image-preview:large","max-video-preview":"max-video-preview:-1"},"canonical":"https:\/\/www.amiblu.com\/cs\/ochrana-osobnich-udaju\/","og_locale":"cs_CZ","og_type":"article","og_title":"Ochrana osobn\u00edch \u00fadaj\u016f","og_description":"V tomto prohl\u00e1\u0161en\u00ed o ochran\u011b \u00fadaj\u016f v\u00e1s informujeme o kl\u00ed\u010dov\u00fdch aspektech zpracov\u00e1n\u00ed \u00fadaj\u016f ve vztahu k na\u0161im webov\u00fdm str\u00e1nk\u00e1m.","og_url":"https:\/\/www.amiblu.com\/cs\/ochrana-osobnich-udaju\/","og_site_name":"Amiblu","article_publisher":"https:\/\/www.facebook.com\/amiblupipes","article_modified_time":"2022-03-03T12:33:28+00:00","og_image":[{"url":"https:\/\/www.amiblu.com\/wp-content\/uploads\/privacy@amiblu.com-address.png","type":"","width":"","height":""}],"twitter_card":"summary_large_image","twitter_misc":{"Odhadovan\u00e1 doba \u010dten\u00ed":"4 minuty"},"schema":{"@context":"https:\/\/schema.org","@graph":[{"@type":"WebPage","@id":"https:\/\/www.amiblu.com\/cs\/ochrana-osobnich-udaju\/","url":"https:\/\/www.amiblu.com\/cs\/ochrana-osobnich-udaju\/","name":"Ochrana osobn\u00edch \u00fadaj\u016f","isPartOf":{"@id":"https:\/\/www.amiblu.com\/cs\/#website"},"primaryImageOfPage":{"@id":"https:\/\/www.amiblu.com\/cs\/ochrana-osobnich-udaju\/#primaryimage"},"image":{"@id":"https:\/\/www.amiblu.com\/cs\/ochrana-osobnich-udaju\/#primaryimage"},"thumbnailUrl":"https:\/\/www.amiblu.com\/wp-content\/uploads\/privacy@amiblu.com-address.png","datePublished":"2021-06-30T08:41:15+00:00","dateModified":"2022-03-03T12:33:28+00:00","description":"V tomto prohl\u00e1\u0161en\u00ed o ochran\u011b \u00fadaj\u016f v\u00e1s informujeme o kl\u00ed\u010dov\u00fdch aspektech zpracov\u00e1n\u00ed \u00fadaj\u016f ve vztahu k na\u0161im webov\u00fdm str\u00e1nk\u00e1m.","inLanguage":"cs","potentialAction":[{"@type":"ReadAction","target":["https:\/\/www.amiblu.com\/cs\/ochrana-osobnich-udaju\/"]}]},{"@type":"ImageObject","inLanguage":"cs","@id":"https:\/\/www.amiblu.com\/cs\/ochrana-osobnich-udaju\/#primaryimage","url":"https:\/\/www.amiblu.com\/wp-content\/uploads\/privacy@amiblu.com-address.png","contentUrl":"https:\/\/www.amiblu.com\/wp-content\/uploads\/privacy@amiblu.com-address.png"},{"@type":"WebSite","@id":"https:\/\/www.amiblu.com\/cs\/#website","url":"https:\/\/www.amiblu.com\/cs\/","name":"Amiblu","description":"GFK-Rohrsysteme f\u00fcr Generationen","publisher":{"@id":"https:\/\/www.amiblu.com\/cs\/#organization"},"potentialAction":[{"@type":"SearchAction","target":{"@type":"EntryPoint","urlTemplate":"https:\/\/www.amiblu.com\/cs\/?s={search_term_string}"},"query-input":{"@type":"PropertyValueSpecification","valueRequired":true,"valueName":"search_term_string"}}],"inLanguage":"cs"},{"@type":"Organization","@id":"https:\/\/www.amiblu.com\/cs\/#organization","name":"Amiblu Group","url":"https:\/\/www.amiblu.com\/cs\/","logo":{"@type":"ImageObject","inLanguage":"cs","@id":"https:\/\/www.amiblu.com\/cs\/#\/schema\/logo\/image\/","url":"https:\/\/www.amiblu.com\/wp-content\/uploads\/2021\/01\/Amiblu-logo-website-1.png","contentUrl":"https:\/\/www.amiblu.com\/wp-content\/uploads\/2021\/01\/Amiblu-logo-website-1.png","width":201,"height":38,"caption":"Amiblu Group"},"image":{"@id":"https:\/\/www.amiblu.com\/cs\/#\/schema\/logo\/image\/"},"sameAs":["https:\/\/www.facebook.com\/amiblupipes","https:\/\/www.youtube.com\/c\/Amiblu","https:\/\/de.wikipedia.org\/wiki\/Amiblu","https:\/\/www.linkedin.com\/company\/amiblupipes\/"]}]}},"_links":{"self":[{"href":"https:\/\/www.amiblu.com\/cs\/wp-json\/wp\/v2\/pages\/37570","targetHints":{"allow":["GET"]}}],"collection":[{"href":"https:\/\/www.amiblu.com\/cs\/wp-json\/wp\/v2\/pages"}],"about":[{"href":"https:\/\/www.amiblu.com\/cs\/wp-json\/wp\/v2\/types\/page"}],"author":[{"embeddable":true,"href":"https:\/\/www.amiblu.com\/cs\/wp-json\/wp\/v2\/users\/8"}],"replies":[{"embeddable":true,"href":"https:\/\/www.amiblu.com\/cs\/wp-json\/wp\/v2\/comments?post=37570"}],"version-history":[{"count":8,"href":"https:\/\/www.amiblu.com\/cs\/wp-json\/wp\/v2\/pages\/37570\/revisions"}],"predecessor-version":[{"id":44842,"href":"https:\/\/www.amiblu.com\/cs\/wp-json\/wp\/v2\/pages\/37570\/revisions\/44842"}],"wp:attachment":[{"href":"https:\/\/www.amiblu.com\/cs\/wp-json\/wp\/v2\/media?parent=37570"}],"curies":[{"name":"wp","href":"https:\/\/api.w.org\/{rel}","templated":true}]}}