{"id":39811,"date":"2021-08-02T09:33:32","date_gmt":"2021-08-02T07:33:32","guid":{"rendered":"https:\/\/www.amiblu.com\/?page_id=39811"},"modified":"2023-05-02T11:19:35","modified_gmt":"2023-05-02T09:19:35","slug":"por-que-prfv","status":"publish","type":"page","link":"https:\/\/www.amiblu.com\/es\/por-que-prfv\/","title":{"rendered":"Por qu\u00e9 PRFV"},"content":{"rendered":"\n<style type=\"text\/css\" data-created_by=\"avia_inline_auto\" id=\"style-css-av-f7xwgdf-49877312429a62bebdc52dbd898c2dd2\">\n.avia-section.av-f7xwgdf-49877312429a62bebdc52dbd898c2dd2 .av-parallax .av-parallax-inner{\nbackground-repeat:no-repeat;\nbackground-image:url(https:\/\/www.amiblu.com\/wp-content\/uploads\/glassfibers-banner.jpg);\nbackground-position:50% 50%;\nbackground-attachment:scroll;\n}\n.avia-section.av-f7xwgdf-49877312429a62bebdc52dbd898c2dd2 .av-section-color-overlay{\nopacity:0.5;\nbackground-color:#0a0a0a;\n}\n<\/style>\n<div id='av_section_1'  class='avia-section av-f7xwgdf-49877312429a62bebdc52dbd898c2dd2 main_color avia-section-default avia-no-border-styling  avia-builder-el-0  el_before_av_section  avia-builder-el-first  amiblu-content amiblu-page-hero av-parallax-section avia-bg-style-parallax av-section-color-overlay-active container_wrap fullsize'  data-section-bg-repeat='no-repeat'><div class='av-parallax' data-avia-parallax-ratio='0.3' ><div class='av-parallax-inner main_color avia-full-stretch'><\/div><\/div><div class=\"av-section-color-overlay-wrap\"><div class=\"av-section-color-overlay\"><\/div><div class='container av-section-cont-open' ><main  role=\"main\" itemprop=\"mainContentOfPage\"  class='template-page content  av-content-full alpha units'><div class='post-entry post-entry-type-page post-entry-39811'><div class='entry-content-wrapper clearfix'>\n\n<style type=\"text\/css\" data-created_by=\"avia_inline_auto\" id=\"style-css-av-evq7u4j-c426c68b3cafaccb640ed455057571f9\">\n.flex_column.av-evq7u4j-c426c68b3cafaccb640ed455057571f9{\nborder-radius:0px 0px 0px 0px;\npadding:0 0 0 0;\n}\n<\/style>\n<div  class='flex_column av-evq7u4j-c426c68b3cafaccb640ed455057571f9 av_three_fourth  avia-builder-el-1  avia-builder-el-no-sibling  white-content first flex_column_div av-zero-column-padding  '     ><section  class='av_textblock_section av-l4o4qjxz-5ab4c04ba7a4a65988afca17d9da4cb3 '   itemscope=\"itemscope\" itemtype=\"https:\/\/schema.org\/CreativeWork\" ><div class='avia_textblock'  itemprop=\"text\" ><h1>Poli\u00e9ster Reforzado con Fibra de Vidrio (PRFV)<\/h1>\n<\/div><\/section><br \/>\n\n<style type=\"text\/css\" data-created_by=\"avia_inline_auto\" id=\"style-css-av-l4o4qsh6-b088a6936a3f9e5dd021f8cc731d2522\">\n#top .av_textblock_section.av-l4o4qsh6-b088a6936a3f9e5dd021f8cc731d2522 .avia_textblock{\nfont-size:20px;\n}\n<\/style>\n<section  class='av_textblock_section av-l4o4qsh6-b088a6936a3f9e5dd021f8cc731d2522 '   itemscope=\"itemscope\" itemtype=\"https:\/\/schema.org\/CreativeWork\" ><div class='avia_textblock sub-heading'  itemprop=\"text\" ><p>Un material sostenible que desaf\u00eda el mercado tradicional.<\/p>\n<\/div><\/section><\/p><\/div>\n\n<\/div><\/div><\/main><!-- close content main element --><\/div><\/div><\/div><div id='av_section_2'  class='avia-section av-ebg645f-7fbac504265da03d84f0b21b2de6a62d main_color avia-section-default avia-no-border-styling  avia-builder-el-4  el_after_av_section  el_before_av_section  amiblu-bw-pr amiblu-jk-pp avia-bg-style-scroll container_wrap fullsize'  ><div class='container av-section-cont-open' ><div class='template-page content  av-content-full alpha units'><div class='post-entry post-entry-type-page post-entry-39811'><div class='entry-content-wrapper clearfix'>\n\n<style type=\"text\/css\" data-created_by=\"avia_inline_auto\" id=\"style-css-av-e3mbidf-edbb0f08c5b71c767b6f3840ad871327\">\n.flex_column.av-e3mbidf-edbb0f08c5b71c767b6f3840ad871327{\nborder-radius:0px 0px 0px 0px;\npadding:0px 0px 0px 0px;\n}\n<\/style>\n<div  class='flex_column av-e3mbidf-edbb0f08c5b71c767b6f3840ad871327 av_two_third  avia-builder-el-5  avia-builder-el-no-sibling  first flex_column_div av-zero-column-padding  '     ><style type=\"text\/css\" data-created_by=\"avia_inline_auto\" id=\"style-css-av-l4o4sbhm-2020b6b4b99e00fc37b55cfff6cb66c5\">\n#top .av_textblock_section.av-l4o4sbhm-2020b6b4b99e00fc37b55cfff6cb66c5 .avia_textblock{\nfont-size:20px;\n}\n\n@media only screen and (min-width: 480px) and (max-width: 767px){ \n#top .av_textblock_section.av-l4o4sbhm-2020b6b4b99e00fc37b55cfff6cb66c5 .avia_textblock{\nfont-size:18px;\n}\n}\n\n@media only screen and (max-width: 479px){ \n#top .av_textblock_section.av-l4o4sbhm-2020b6b4b99e00fc37b55cfff6cb66c5 .avia_textblock{\nfont-size:16px;\n}\n}\n<\/style>\n<section  class='av_textblock_section av-l4o4sbhm-2020b6b4b99e00fc37b55cfff6cb66c5 '   itemscope=\"itemscope\" itemtype=\"https:\/\/schema.org\/CreativeWork\" ><div class='avia_textblock'  itemprop=\"text\" ><p>La vida actual ser\u00eda dif\u00edcil de imaginar sin Poli\u00e9ster Reforzado con Fibra de Vidrio. Descubierto para fines industriales a principios del siglo XX, estos materiales se utilizaron primeramente para el aislamiento de casas. Pronto siguieron otras nuevas aplicaciones, y hoy en d\u00eda este material se usa com\u00fanmente en la industria aeroespacial, automotriz, mar\u00edtima y de la construcci\u00f3n.<\/p>\n<h2>De qu\u00e9 est\u00e1 hecho<\/h2>\n<p>El <strong>Poli\u00e9ster Reforzado con Fibra de Vidrio (PRFV)<\/strong> es un material formado por una matriz polim\u00e9rica y fibras de vidrio. La matriz polim\u00e9rica suele ser de epoxi, vinil\u00e9ster, o de poli\u00e9ster. La resina aporta resistencia al medioambiente y qu\u00edmica al producto y es la matriz que aglutina las fibras en la estructura del laminado, adem\u00e1s de definir la forma de una pieza de PRFV. Las fibras de vidrio aportan resistencia al compuesto. Pueden disponerse de forma aleatoria, u orientarse de un modo concreto. El tipo m\u00e1s com\u00fan de fibra de vidrio que se usa para el PRFV es el vidrio de clase E, que es vidrio de aluminoborosilicato. La fibra de vidrio de tipo E-CR (resistencia el\u00e9ctrica\/qu\u00edmica) tambi\u00e9n se usa habitualmente en aplicaciones que requieren una protecci\u00f3n particularmente alta contra la corrosi\u00f3n \u00e1cida.<\/p>\n<h2>Por qu\u00e9 es tan resistente?<\/h2>\n<p>Al igual que muchos otros materiales compuestos, los dos materiales se complementan entre s\u00ed para formar un compuesto m\u00e1s resistente. El punto fuerte de las resinas pl\u00e1sticas es la carga a la compresi\u00f3n; el de las fibras de vidrio, a su vez, es la resistencia a la tracci\u00f3n. Al combinar los dos materiales, el\u00a0<strong>PRFV<\/strong>\u00a0se convierte en un material que\u00a0<strong>resiste<\/strong>\u00a0muy bien tanto\u00a0<strong>las fuerzas de compresi\u00f3n como las de tracci\u00f3n<\/strong>. Los m\u00e9todos de producci\u00f3n en PRFV incluyen el de\u00a0<a href=\"https:\/\/www.amiblu.com\/es\/tecnologia-enrollamiento-en-continuo-flowtite-technology\/\">enrollamiento en continuo<\/a>,\u00a0<a href=\"https:\/\/www.amiblu.com\/es\/tecnologia-centrifugada-hobas-technology\/\">centrifugado<\/a>, aplicaci\u00f3n manual, esprayado y pultrusi\u00f3n.<\/p>\n<h2>Cu\u00e1les son sus mejores ventajas<\/h2>\n<p>El PRFV presenta muchas caracter\u00edsticas beneficiosas. Es<strong>\u00a0muy ligero en comparaci\u00f3n con su alta resistencia mec\u00e1nica<\/strong>, es altamente\u00a0<strong>resistente contra los qu\u00edmicos y la corrosi\u00f3n<\/strong>\u00a0(gracias a sus propiedades no conductoras, tambi\u00e9n es resistente a la corrosi\u00f3n electrol\u00edtica),\u00a0<strong>la radiaci\u00f3n UV, posee mucha estabilidad a la temperatura<\/strong>\u00a0y es\u00a0<strong>respetuoso con el medio ambiente<\/strong>. El PRFV es\u00a0<strong>estanco<\/strong>, lo que lo hace ideal para todas las aplicaciones en exteriores. Adem\u00e1s, se puede personalizar para que sea\u00a0<strong>ign\u00edfugo utilizando resinas no inflamables<\/strong>. El PRFV es un\u00a0<strong>material altamente duradero<\/strong>\u00a0con una<strong>\u00a0larga vida \u00fatil<\/strong>, ideal para una amplia gama de aplicaciones en varias industrias.<\/p>\n<\/div><\/section><\/div>\n\n<\/div><\/div><\/div><!-- close content main div --><\/div><\/div>\n<style type=\"text\/css\" data-created_by=\"avia_inline_auto\" id=\"style-css-av-dra1urn-49ae61a1ced2af97b34a724a72d75929\">\n.avia-section.av-dra1urn-49ae61a1ced2af97b34a724a72d75929{\nbackground-color:#f2f4f8;\nbackground-image:unset;\n}\n<\/style>\n<div id='av_section_3'  class='avia-section av-dra1urn-49ae61a1ced2af97b34a724a72d75929 main_color avia-section-default avia-no-border-styling  avia-builder-el-7  el_after_av_section  el_before_av_section  amiblu-bw-pr amiblu-jk-pp avia-bg-style-scroll container_wrap fullsize'  ><div class='container av-section-cont-open' ><div class='template-page content  av-content-full alpha units'><div class='post-entry post-entry-type-page post-entry-39811'><div class='entry-content-wrapper clearfix'>\n\n<style type=\"text\/css\" data-created_by=\"avia_inline_auto\" id=\"style-css-av-d0413c3-efcb069579afd226053df2b8bcd8174c\">\n.flex_column.av-d0413c3-efcb069579afd226053df2b8bcd8174c{\nborder-radius:0px 0px 0px 0px;\npadding:0px 0px 0px 0px;\n}\n<\/style>\n<div  class='flex_column av-d0413c3-efcb069579afd226053df2b8bcd8174c av_three_fifth  avia-builder-el-8  avia-builder-el-no-sibling  first flex_column_div av-zero-column-padding  '     ><style type=\"text\/css\" data-created_by=\"avia_inline_auto\" id=\"style-css-av-l4o4tuoe-7b202c69cafc66511b60cbc56f8fc9da\">\n#top .av_textblock_section.av-l4o4tuoe-7b202c69cafc66511b60cbc56f8fc9da .avia_textblock{\ntext-align:left;\n}\n<\/style>\n<section  class='av_textblock_section av-l4o4tuoe-7b202c69cafc66511b60cbc56f8fc9da '   itemscope=\"itemscope\" itemtype=\"https:\/\/schema.org\/CreativeWork\" ><div class='avia_textblock'  itemprop=\"text\" ><h2 style=\"text-align: left;\">PRFV en la fabricaci\u00f3n de tuber\u00edas<\/h2>\n<\/div><\/section><br \/>\n\n<style type=\"text\/css\" data-created_by=\"avia_inline_auto\" id=\"style-css-av-l4o4v3fn-ad84e9466e211bd14e892bb4ad0b9ba1\">\n#top .av_textblock_section.av-l4o4v3fn-ad84e9466e211bd14e892bb4ad0b9ba1 .avia_textblock{\nfont-size:20px;\n}\n\n@media only screen and (min-width: 480px) and (max-width: 767px){ \n#top .av_textblock_section.av-l4o4v3fn-ad84e9466e211bd14e892bb4ad0b9ba1 .avia_textblock{\nfont-size:18px;\n}\n}\n\n@media only screen and (max-width: 479px){ \n#top .av_textblock_section.av-l4o4v3fn-ad84e9466e211bd14e892bb4ad0b9ba1 .avia_textblock{\nfont-size:16px;\n}\n}\n<\/style>\n<section  class='av_textblock_section av-l4o4v3fn-ad84e9466e211bd14e892bb4ad0b9ba1 '   itemscope=\"itemscope\" itemtype=\"https:\/\/schema.org\/CreativeWork\" ><div class='avia_textblock'  itemprop=\"text\" ><p>Desde la d\u00e9cada de 1950, el PRFV ha adquirido una posici\u00f3n predominante en la fabricaci\u00f3n de tuber\u00edas. El abanico de aplicaciones cubiertas por la soluci\u00f3n de tuber\u00edas de PRFV en la actualidad es muy amplio: desde\u00a0<a href=\"https:\/\/www.amiblu.com\/es\/saneamiento\/\">sistemas de saneamiento<\/a>\u00a0y\u00a0<a href=\"https:\/\/www.amiblu.com\/es\/agua-potable\/\">l\u00edneas de agua potable<\/a>\u00a0hasta tanques de almacenamiento, tuber\u00edas de drenaje, conducciones forzadas de\u00a0<a href=\"https:\/\/www.amiblu.com\/es\/hidroelectricas\/\">energ\u00eda hidr\u00e1ulica<\/a>,\u00a0<a href=\"https:\/\/www.amiblu.com\/es\/industria\/\">sistemas de tuber\u00edas industriales<\/a>, as\u00ed como soluciones de\u00a0<a href=\"https:\/\/www.amiblu.com\/es\/tecnologia-nc-line\/\">rehabilitaci\u00f3n con perfiles especiales de tuber\u00edas no circulares<\/a>, entre otros muchos ejemplos. Los m\u00e9todos utilizados para instalar las tuber\u00edas son igual de variados e incluyen zanjas abiertas, t\u00e9cnica a\u00e9rea, en suspensiones, bajo el agua, y por medio de\u00a0<a href=\"https:\/\/www.amiblu.com\/es\/aplicaciones-sin-zanja\/\">tecnolog\u00edas sin zanjas<\/a>\u00a0como el rebase y los microt\u00faneles.<\/p>\n<\/div><\/section><\/p><\/div>\n\n<\/div><\/div><\/div><!-- close content main div --><\/div><\/div>\n<style type=\"text\/css\" data-created_by=\"avia_inline_auto\" id=\"style-css-av-chvt4df-319e94d2a22a3e509d655ed02dd319ee\">\n.avia-section.av-chvt4df-319e94d2a22a3e509d655ed02dd319ee{\nbackground-color:#f2f4f8;\nbackground-image:unset;\n}\n<\/style>\n<div id='av_section_4'  class='avia-section av-chvt4df-319e94d2a22a3e509d655ed02dd319ee main_color avia-section-no-padding avia-no-border-styling  avia-builder-el-11  el_after_av_section  el_before_av_section  amiblu-rl-pp avia-bg-style-scroll container_wrap fullsize'  ><div class='container av-section-cont-open' ><div class='template-page content  av-content-full alpha units'><div class='post-entry post-entry-type-page post-entry-39811'><div class='entry-content-wrapper clearfix'>\n<div class='flex_column_table av-c1nt137-2656bc18675506ab0f93c0735262f75d sc-av_one_half av-equal-height-column-flextable'>\n<style type=\"text\/css\" data-created_by=\"avia_inline_auto\" id=\"style-css-av-c1nt137-2656bc18675506ab0f93c0735262f75d\">\n.flex_column.av-c1nt137-2656bc18675506ab0f93c0735262f75d{\nwidth:48.75%;\nmargin-left:0;\nborder-radius:0 0 0 0;\npadding:0 0 0 0;\n}\n#top .flex_column_table.av-equal-height-column-flextable.av-c1nt137-2656bc18675506ab0f93c0735262f75d .av-flex-placeholder{\nwidth:2.5%;\n}\n<\/style>\n<div  class='flex_column av-c1nt137-2656bc18675506ab0f93c0735262f75d av_one_half  avia-builder-el-12  el_before_av_one_half  avia-builder-el-first  first flex_column_table_cell av-equal-height-column av-align-top av-zero-column-padding  '     ><style type=\"text\/css\" data-created_by=\"avia_inline_auto\" id=\"style-css-av-15tb3hf-301fe46228c39fdb9045b310c7455569\">\n.avia-image-container.av-15tb3hf-301fe46228c39fdb9045b310c7455569 img.avia_image{\nbox-shadow:none;\n}\n.avia-image-container.av-15tb3hf-301fe46228c39fdb9045b310c7455569 .av-image-caption-overlay-center{\ncolor:#ffffff;\n}\n<\/style>\n<div  class='avia-image-container av-15tb3hf-301fe46228c39fdb9045b310c7455569 av-styling- avia-align-center  avia-builder-el-13  avia-builder-el-no-sibling '   itemprop=\"image\" itemscope=\"itemscope\" itemtype=\"https:\/\/schema.org\/ImageObject\" ><div class=\"avia-image-container-inner\"><div class=\"avia-image-overlay-wrap\"><img fetchpriority=\"high\" decoding=\"async\" fetchpriority=\"high\" fetchpriority=\"high\" class='wp-image-56971 avia-img-lazy-loading-not-56971 avia_image ' src=\"https:\/\/www.amiblu.com\/wp-content\/uploads\/Amiblu-GRP-pipes-blue-sky-2.jpg\" alt='Amiblu GRP pipes with blue sky' title='Amiblu-GRP-pipes-blue-sky'  height=\"900\" width=\"900\"  itemprop=\"thumbnailUrl\" srcset=\"https:\/\/www.amiblu.com\/wp-content\/uploads\/Amiblu-GRP-pipes-blue-sky-2.jpg 900w, https:\/\/www.amiblu.com\/wp-content\/uploads\/Amiblu-GRP-pipes-blue-sky-2-300x300.jpg 300w, https:\/\/www.amiblu.com\/wp-content\/uploads\/Amiblu-GRP-pipes-blue-sky-2-80x80.jpg 80w, https:\/\/www.amiblu.com\/wp-content\/uploads\/Amiblu-GRP-pipes-blue-sky-2-768x768.jpg 768w, https:\/\/www.amiblu.com\/wp-content\/uploads\/Amiblu-GRP-pipes-blue-sky-2-36x36.jpg 36w, https:\/\/www.amiblu.com\/wp-content\/uploads\/Amiblu-GRP-pipes-blue-sky-2-180x180.jpg 180w, https:\/\/www.amiblu.com\/wp-content\/uploads\/Amiblu-GRP-pipes-blue-sky-2-705x705.jpg 705w\" sizes=\"(max-width: 900px) 100vw, 900px\" \/><\/div><\/div><\/div><\/div><div class='av-flex-placeholder'><\/div>\n<style type=\"text\/css\" data-created_by=\"avia_inline_auto\" id=\"style-css-av-l4o4xx8y-a9acca7051980cbc0177707b2ed4afd3\">\n.flex_column.av-l4o4xx8y-a9acca7051980cbc0177707b2ed4afd3{\nwidth:48.75%;\nmargin-left:0;\npadding:30px 30px 30px 30px;\nbackground-color:#ffffff;\n}\n#top .flex_column_table.av-equal-height-column-flextable.av-l4o4xx8y-a9acca7051980cbc0177707b2ed4afd3 .av-flex-placeholder{\nwidth:2.5%;\n}\n<\/style>\n<div  class='flex_column av-l4o4xx8y-a9acca7051980cbc0177707b2ed4afd3 av_one_half  avia-builder-el-14  el_after_av_one_half  el_before_av_hr  flex_column_table_cell av-equal-height-column av-align-top  '     ><section  class='av_textblock_section av-l4o4wtvm-9b317d99d8083bcc90b6e771a74d584c '   itemscope=\"itemscope\" itemtype=\"https:\/\/schema.org\/CreativeWork\" ><div class='avia_textblock'  itemprop=\"text\" ><h2>PRFV en Amiblu<\/h2>\n<p>Las tuber\u00edas de PRFV de Amiblu se fabrican principalmente mediante el\u00a0<a href=\"https:\/\/www.amiblu.com\/es\/tecnologia-enrollamiento-en-continuo-flowtite-technology\/\">enrollamiento de filamentos<\/a>\u00a0(tecnolog\u00eda Flowtite) o el\u00a0<a href=\"https:\/\/www.amiblu.com\/es\/tecnologia-centrifugada-hobas-technology\/\">sistema centrifugado<\/a>\u00a0(tecnolog\u00eda Hobas). En ambos m\u00e9todos, la arena y los materiales de relleno se a\u00f1aden a la resina y fibra para crear un espesor de pared suficiente y, de este modo, aumentar la resistencia y la rigidez de la tuber\u00eda.<\/p>\n<p>El <strong>proceso cont\u00ednuo de filamentos<\/strong> utiliza refuerzos de fibra de vidrio continuos y cortados que se aplican sobre un mandril giratorio que avanza en direcci\u00f3n circunferencial. La tuber\u00eda se forma, por lo tanto, desde dentro hacia afuera.<\/p>\n<p>En el <strong>sistema centrifugado<\/strong>, la pared de la tuber\u00eda se construye desde fuera hacia adentro en un molde giratorio. Las materias primas, incluidas las fibras de vidrio cortadas, se introducen posteriormente en el molde por medio de un brazo de alimentaci\u00f3n que se mueve hacia adelante y hacia atr\u00e1s.<\/p>\n<p>Ambos procesos tienen como resultado una tuber\u00eda de PRFV con caracter\u00edsticas definidas que prevalecen sobre otros materiales de tuber\u00eda en varios aspectos.<\/p>\n<\/div><\/section><\/div><\/div><!--close column table wrapper. Autoclose: 1 -->\n<style type=\"text\/css\" data-created_by=\"avia_inline_auto\" id=\"style-css-av-b9d27vn-fb690c3068e62a912b01648e832eb044\">\n#top .hr.hr-invisible.av-b9d27vn-fb690c3068e62a912b01648e832eb044{\nheight:70px;\n}\n<\/style>\n<div  class='hr av-b9d27vn-fb690c3068e62a912b01648e832eb044 hr-invisible  avia-builder-el-16  el_after_av_one_half  avia-builder-el-last '><span class='hr-inner '><span class=\"hr-inner-style\"><\/span><\/span><\/div>\n<\/div><\/div><\/div><!-- close content main div --><\/div><\/div><div id='av_section_5'  class='avia-section av-12uqi77-b8e1dcea5d8a4b51ac808e2958026985 main_color avia-section-default avia-no-border-styling  avia-builder-el-17  el_after_av_section  el_before_av_section  home-info amiblu-jk-inf avia-bg-style-scroll container_wrap fullsize'  ><div class='container av-section-cont-open' ><div class='template-page content  av-content-full alpha units'><div class='post-entry post-entry-type-page post-entry-39811'><div class='entry-content-wrapper clearfix'>\n\n<style type=\"text\/css\" data-created_by=\"avia_inline_auto\" id=\"style-css-av-ak9zxib-939cae28e17ff4e3d527a750d77d9bb0\">\n.flex_column.av-ak9zxib-939cae28e17ff4e3d527a750d77d9bb0{\nborder-radius:0px 0px 0px 0px;\npadding:0px 0px 0px 0px;\n}\n<\/style>\n<div  class='flex_column av-ak9zxib-939cae28e17ff4e3d527a750d77d9bb0 av_one_half  avia-builder-el-18  el_before_av_one_half  avia-builder-el-first  home-info-img first flex_column_div av-zero-column-padding  '     ><style type=\"text\/css\" data-created_by=\"avia_inline_auto\" id=\"style-css-av-a1ae0pv-7b16a4e45cced0e2e68f78c9f671b8f4\">\n.avia-image-container.av-a1ae0pv-7b16a4e45cced0e2e68f78c9f671b8f4 img.avia_image{\nbox-shadow:none;\n}\n.avia-image-container.av-a1ae0pv-7b16a4e45cced0e2e68f78c9f671b8f4 .av-image-caption-overlay-center{\ncolor:#ffffff;\n}\n<\/style>\n<div  class='avia-image-container av-a1ae0pv-7b16a4e45cced0e2e68f78c9f671b8f4 av-styling- avia-align-right  avia-builder-el-19  avia-builder-el-no-sibling '   itemprop=\"image\" itemscope=\"itemscope\" itemtype=\"https:\/\/schema.org\/ImageObject\" ><div class=\"avia-image-container-inner\"><div class=\"avia-image-overlay-wrap\"><img fetchpriority=\"high\" decoding=\"async\" fetchpriority=\"high\" fetchpriority=\"high\" class='wp-image-48571 avia-img-lazy-loading-not-48571 avia_image ' src=\"https:\/\/www.amiblu.com\/wp-content\/uploads\/Amiblu-GRP-pipes-behind-one-another.jpg\" alt='Amiblu GRP pipe behind one another' title='Amiblu-GRP-pipes-behind-one-another'  height=\"917\" width=\"1920\"  itemprop=\"thumbnailUrl\" srcset=\"https:\/\/www.amiblu.com\/wp-content\/uploads\/Amiblu-GRP-pipes-behind-one-another.jpg 1920w, https:\/\/www.amiblu.com\/wp-content\/uploads\/Amiblu-GRP-pipes-behind-one-another-300x143.jpg 300w, https:\/\/www.amiblu.com\/wp-content\/uploads\/Amiblu-GRP-pipes-behind-one-another-1030x492.jpg 1030w, https:\/\/www.amiblu.com\/wp-content\/uploads\/Amiblu-GRP-pipes-behind-one-another-768x367.jpg 768w, https:\/\/www.amiblu.com\/wp-content\/uploads\/Amiblu-GRP-pipes-behind-one-another-1536x734.jpg 1536w, https:\/\/www.amiblu.com\/wp-content\/uploads\/Amiblu-GRP-pipes-behind-one-another-1500x716.jpg 1500w, https:\/\/www.amiblu.com\/wp-content\/uploads\/Amiblu-GRP-pipes-behind-one-another-705x337.jpg 705w\" sizes=\"(max-width: 1920px) 100vw, 1920px\" \/><\/div><\/div><\/div><\/div>\n<style type=\"text\/css\" data-created_by=\"avia_inline_auto\" id=\"style-css-av-9mqmzur-5378feca510abf0c6af8dd1eeada8590\">\n.flex_column.av-9mqmzur-5378feca510abf0c6af8dd1eeada8590{\nborder-radius:11px 11px 11px 11px;\npadding:0px 0px 0px 0px;\n}\n<\/style>\n<div  class='flex_column av-9mqmzur-5378feca510abf0c6af8dd1eeada8590 av_one_half  avia-builder-el-20  el_after_av_one_half  avia-builder-el-last  home-info-text white-content flex_column_div av-zero-column-padding  '     ><section  class='av_textblock_section av-l4o4yk1a-a8f2d782977a4b9bd358d0294c3e9733 '   itemscope=\"itemscope\" itemtype=\"https:\/\/schema.org\/CreativeWork\" ><div class='avia_textblock'  itemprop=\"text\" ><p><strong>Ventajas de las tuber\u00edas de PRFV de Amiblu:<\/strong><\/p>\n<ul>\n<li><strong>Uso global y aceptaci\u00f3n<\/strong> por parte de las principales autoridades de agua y saneamiento de todo el mundo.<\/li>\n<li><strong>Proceso de producci\u00f3n completamente automatizado<\/strong>, lo que permite que cada tuber\u00eda se fabrique con las propiedades espec\u00edficas requeridas para sus aplicaciones y demandas de operaci\u00f3n.<\/li>\n<li><strong>Clases de alta rigidez disponibles<\/strong> (por ejemplo, para zonas con suelos m\u00e1s d\u00e9biles).<\/li>\n<li><strong>Peso ligero<\/strong> y longitud c\u00f3moda. Las tuber\u00edas de PRFV pesan solo 1\/4 del peso de las tuber\u00edas de hierro d\u00factil y 1\/10 de lo que pesan las tuber\u00edas de hormig\u00f3n. Esto implica ahorros considerables a trav\u00e9s de una reducci\u00f3n de los costes de transporte, anidamiento, manipulaci\u00f3n e instalaci\u00f3n.\n<div class=\"wpb_text_column wpb_content_element \">\n<div class=\"wpb_wrapper\"><\/div>\n<\/div>\n<\/li>\n<\/ul>\n<\/div><\/section><\/div>\n<\/p>\n<\/div><\/div><\/div><!-- close content main div --><\/div><\/div><div id='av_section_6'  class='avia-section av-8u39smb-8d35357f589cbc3e7ad4ccbc469163f2 main_color avia-section-default avia-no-border-styling  avia-builder-el-22  el_after_av_section  el_before_av_section  home-info info-reversed amiblu-jk-inf-2 avia-bg-style-scroll container_wrap fullsize'  ><div class='container av-section-cont-open' ><div class='template-page content  av-content-full alpha units'><div class='post-entry post-entry-type-page post-entry-39811'><div class='entry-content-wrapper clearfix'>\n\n<style type=\"text\/css\" data-created_by=\"avia_inline_auto\" id=\"style-css-av-8p9lngj-508973de9b0829824ee15c88c35e93ff\">\n.flex_column.av-8p9lngj-508973de9b0829824ee15c88c35e93ff{\nborder-radius:11px 11px 11px 11px;\npadding:0px 0px 0px 0px;\n}\n<\/style>\n<div  class='flex_column av-8p9lngj-508973de9b0829824ee15c88c35e93ff av_one_half  avia-builder-el-23  el_before_av_one_half  avia-builder-el-first  home-info-text white-content first flex_column_div av-zero-column-padding  '     ><section  class='av_textblock_section av-l4o532uz-eec1bd10c92d9bc81d2a662a585ddd39 '   itemscope=\"itemscope\" itemtype=\"https:\/\/schema.org\/CreativeWork\" ><div class='avia_textblock'  itemprop=\"text\" ><p><strong>M\u00e1s ventajas:<\/strong><\/p>\n<ul>\n<li><strong>Menos sobrecarga al efecto del golpe de ariete<\/strong> debido a la celeridad de onda.<\/li>\n<li><strong>Resistencia a la corrosi\u00f3n<\/strong> en un amplio intervalo de pH.<\/li>\n<li><strong>Sin corrosi\u00f3n electrol\u00edtica.<\/strong> Las tuber\u00edas de PRFV no requieren protecci\u00f3n cat\u00f3dica ni de otro tipo.<\/li>\n<li>Capacidad para soportar\u00a0<strong>altas cargas compresivas longitudinales<\/strong> (2-3 veces m\u00e1s elevadas que el hormig\u00f3n) que se producen durante el hincado de tuber\u00edas.<\/li>\n<li><strong>Bajo coeficiente de expansi\u00f3n t\u00e9rmica.<\/strong><\/li>\n<li><strong>Excelentes caracter\u00edsticas de flujo hidr\u00e1ulico.<\/strong> Superficie interna lisa de la tuber\u00eda, lo que resulta en una fricci\u00f3n significativamente menor que con otros materiales.<\/li>\n<\/ul>\n<\/div><\/section><\/div>\n<style type=\"text\/css\" data-created_by=\"avia_inline_auto\" id=\"style-css-av-88j2z9f-8e578d3f3ae991191550a75c101ad186\">\n.flex_column.av-88j2z9f-8e578d3f3ae991191550a75c101ad186{\nborder-radius:0px 0px 0px 0px;\npadding:0px 0px 0px 0px;\n}\n<\/style>\n<div  class='flex_column av-88j2z9f-8e578d3f3ae991191550a75c101ad186 av_one_half  avia-builder-el-25  el_after_av_one_half  avia-builder-el-last  home-info-img flex_column_div av-zero-column-padding  '     ><style type=\"text\/css\" data-created_by=\"avia_inline_auto\" id=\"style-css-av-7hqxm83-16585fe6a4b39a1718fe9c6334cbbe99\">\n.avia-image-container.av-7hqxm83-16585fe6a4b39a1718fe9c6334cbbe99 img.avia_image{\nbox-shadow:none;\n}\n.avia-image-container.av-7hqxm83-16585fe6a4b39a1718fe9c6334cbbe99 .av-image-caption-overlay-center{\ncolor:#ffffff;\n}\n<\/style>\n<div  class='avia-image-container av-7hqxm83-16585fe6a4b39a1718fe9c6334cbbe99 av-styling- avia-align-left  avia-builder-el-26  avia-builder-el-no-sibling '   itemprop=\"image\" itemscope=\"itemscope\" itemtype=\"https:\/\/schema.org\/ImageObject\" ><div class=\"avia-image-container-inner\"><div class=\"avia-image-overlay-wrap\"><img fetchpriority=\"high\" decoding=\"async\" fetchpriority=\"high\" fetchpriority=\"high\" class='wp-image-48577 avia-img-lazy-loading-not-48577 avia_image ' src=\"https:\/\/www.amiblu.com\/wp-content\/uploads\/GRP-pipes-under-bridge-on-suspensions.jpg\" alt='GRP pipes under bridge on suspensions' title='GRP-pipes-under-bridge-on-suspensions'  height=\"543\" width=\"960\"  itemprop=\"thumbnailUrl\" srcset=\"https:\/\/www.amiblu.com\/wp-content\/uploads\/GRP-pipes-under-bridge-on-suspensions.jpg 960w, https:\/\/www.amiblu.com\/wp-content\/uploads\/GRP-pipes-under-bridge-on-suspensions-300x170.jpg 300w, https:\/\/www.amiblu.com\/wp-content\/uploads\/GRP-pipes-under-bridge-on-suspensions-768x434.jpg 768w, https:\/\/www.amiblu.com\/wp-content\/uploads\/GRP-pipes-under-bridge-on-suspensions-705x399.jpg 705w\" sizes=\"(max-width: 960px) 100vw, 960px\" \/><\/div><\/div><\/div><\/div>\n\n<\/div><\/div><\/div><!-- close content main div --><\/div><\/div>\n<style type=\"text\/css\" data-created_by=\"avia_inline_auto\" id=\"style-css-av-78vc4oz-e91dea5fae49b6e1320545efb4d20293\">\n.avia-section.av-78vc4oz-e91dea5fae49b6e1320545efb4d20293{\nbackground-color:#f2f4f8;\nbackground-image:unset;\n}\n<\/style>\n<div id='av_section_7'  class='avia-section av-78vc4oz-e91dea5fae49b6e1320545efb4d20293 main_color avia-section-default avia-no-border-styling  avia-builder-el-27  el_after_av_section  el_before_av_section  amiblu-bw-pr amiblu-jk-pp avia-bg-style-scroll container_wrap fullsize'  ><div class='container av-section-cont-open' ><div class='template-page content  av-content-full alpha units'><div class='post-entry post-entry-type-page post-entry-39811'><div class='entry-content-wrapper clearfix'>\n\n<style type=\"text\/css\" data-created_by=\"avia_inline_auto\" id=\"style-css-av-noav6r-80d4894a3180238cba5802af35558995\">\n.flex_column.av-noav6r-80d4894a3180238cba5802af35558995{\nborder-radius:0px 0px 0px 0px;\npadding:0px 0px 0px 0px;\n}\n<\/style>\n<div  class='flex_column av-noav6r-80d4894a3180238cba5802af35558995 av_three_fifth  avia-builder-el-28  avia-builder-el-no-sibling  first flex_column_div av-zero-column-padding  '     ><style type=\"text\/css\" data-created_by=\"avia_inline_auto\" id=\"style-css-av-l4o53g9f-9c80193b0e8affd9b7fcc43a230a3736\">\n#top .av_textblock_section.av-l4o53g9f-9c80193b0e8affd9b7fcc43a230a3736 .avia_textblock{\ntext-align:left;\n}\n<\/style>\n<section  class='av_textblock_section av-l4o53g9f-9c80193b0e8affd9b7fcc43a230a3736 '   itemscope=\"itemscope\" itemtype=\"https:\/\/schema.org\/CreativeWork\" ><div class='avia_textblock'  itemprop=\"text\" ><h1 style=\"text-align: left;\">\u00bfQu\u00e9 es la sostenibilidad?<\/h1>\n<\/div><\/section><br \/>\n\n<style type=\"text\/css\" data-created_by=\"avia_inline_auto\" id=\"style-css-av-l4o57ohg-5609abd31a2fe96bd4baf07aa9664e0a\">\n#top .av_textblock_section.av-l4o57ohg-5609abd31a2fe96bd4baf07aa9664e0a .avia_textblock{\nfont-size:20px;\n}\n\n@media only screen and (min-width: 480px) and (max-width: 767px){ \n#top .av_textblock_section.av-l4o57ohg-5609abd31a2fe96bd4baf07aa9664e0a .avia_textblock{\nfont-size:18px;\n}\n}\n\n@media only screen and (max-width: 479px){ \n#top .av_textblock_section.av-l4o57ohg-5609abd31a2fe96bd4baf07aa9664e0a .avia_textblock{\nfont-size:16px;\n}\n}\n<\/style>\n<section  class='av_textblock_section av-l4o57ohg-5609abd31a2fe96bd4baf07aa9664e0a '   itemscope=\"itemscope\" itemtype=\"https:\/\/schema.org\/CreativeWork\" ><div class='avia_textblock'  itemprop=\"text\" ><p>La Comisi\u00f3n Mundial sobre el Medio Ambiente y el Desarrollo define el desarrollo sostenible como \u00abel desarrollo que satisface las necesidades de las generaciones actuales sin comprometer la capacidad de las generaciones futuras para satisfacer sus propias necesidades\u00bb.<\/p>\n<p>Para una sostenibilidad completa, la sociedad, el medio ambiente y la econom\u00eda deben trabajar juntos. Los tres factores se superponen, interact\u00faan, y si alguno de ellos queda rezagado, el sistema no puede ser sostenible. Por lo tanto, debemos observar las diferentes fuerzas, procesos y actores que configuran el sistema de manera integral y entender c\u00f3mo influyen los unos sobre los otros.<\/p>\n<p>La sostenibilidad requiere no coger m\u00e1s de la naturaleza de lo que le podemos devolver.\u00a0Pero cogemos m\u00e1s de lo que damos. Ninguna actividad econ\u00f3mica humana es todav\u00eda sostenible.\u00a0No podemos utilizar la palabra sostenible hasta que seamos capaces de proporcionar redes de agua sin interferir en la capacidad de la naturaleza para regenerarse y mantener una gran diversidaad de vida.\u00a0En adelante, hablaremos de responsabilidad medioambiental. Dejaremos muy claro que cada uno de nosotros tiene el deber no s\u00f3lo de ser consciente de la crisis clim\u00e1tica, sino tambi\u00e9n de hacer todo lo posible para proteger nuestro planeta para las futuras generaciones.<\/p>\n<\/div><\/section><\/p><\/div>\n\n<\/div><\/div><\/div><!-- close content main div --><\/div><\/div>\n<style type=\"text\/css\" data-created_by=\"avia_inline_auto\" id=\"style-css-av-66kbxc3-2826e5151d2bfb42005a5447aa467015\">\n.avia-section.av-66kbxc3-2826e5151d2bfb42005a5447aa467015{\nbackground-color:#f2f4f8;\nbackground-image:unset;\n}\n<\/style>\n<div id='av_section_8'  class='avia-section av-66kbxc3-2826e5151d2bfb42005a5447aa467015 main_color avia-section-default avia-no-border-styling  avia-builder-el-31  el_after_av_section  avia-builder-el-last  amiblu-bn-rl avia-bg-style-scroll container_wrap fullsize'  ><div class='container av-section-cont-open' ><div class='template-page content  av-content-full alpha units'><div class='post-entry post-entry-type-page post-entry-39811'><div class='entry-content-wrapper clearfix'>\n\n<style type=\"text\/css\" data-created_by=\"avia_inline_auto\" id=\"style-css-av-l4o585d7-6039bc5c0574b91b185d64131a1792f4\">\n#top .av_textblock_section.av-l4o585d7-6039bc5c0574b91b185d64131a1792f4 .avia_textblock{\ntext-align:left;\n}\n<\/style>\n<section  class='av_textblock_section av-l4o585d7-6039bc5c0574b91b185d64131a1792f4 '   itemscope=\"itemscope\" itemtype=\"https:\/\/schema.org\/CreativeWork\" ><div class='avia_textblock'  itemprop=\"text\" ><h1 style=\"text-align: center;\">Tipos de responsabilidad:<\/h1>\n<\/div><\/section>\n<div class='flex_column_table av-5p5xrs3-23c6126481e56113696753b95b2f58f6 sc-av_one_third av-equal-height-column-flextable'>\n<style type=\"text\/css\" data-created_by=\"avia_inline_auto\" id=\"style-css-av-5p5xrs3-23c6126481e56113696753b95b2f58f6\">\n.flex_column.av-5p5xrs3-23c6126481e56113696753b95b2f58f6{\nwidth:32%;\nmargin-left:0;\n}\n#top .flex_column_table.av-equal-height-column-flextable.av-5p5xrs3-23c6126481e56113696753b95b2f58f6 .av-flex-placeholder{\nwidth:2%;\n}\n<\/style>\n<div  class='flex_column av-5p5xrs3-23c6126481e56113696753b95b2f58f6 av_one_third  avia-builder-el-33  el_after_av_textblock  el_before_av_one_third  first flex_column_table_cell av-equal-height-column av-align-top  column-top-margin'     ><p>\n<style type=\"text\/css\" data-created_by=\"avia_inline_auto\" id=\"style-css-av-56v9x8j-e78b102921d55aa5a6cfd84a138d2b72\">\n.avia-image-container.av-56v9x8j-e78b102921d55aa5a6cfd84a138d2b72 img.avia_image{\nbox-shadow:none;\n}\n.avia-image-container.av-56v9x8j-e78b102921d55aa5a6cfd84a138d2b72 .av-image-caption-overlay-center{\ncolor:#ffffff;\n}\n<\/style>\n<div  class='avia-image-container av-56v9x8j-e78b102921d55aa5a6cfd84a138d2b72 av-styling- av-img-linked avia-align-center  avia-builder-el-34  el_before_av_textblock  avia-builder-el-first '   itemprop=\"image\" itemscope=\"itemscope\" itemtype=\"https:\/\/schema.org\/ImageObject\" ><div class=\"avia-image-container-inner\"><div class=\"avia-image-overlay-wrap\"><a href=\"https:\/\/www.amiblu.com\/es\/responsabilidad-ambiental-del-prfv\/\" class='avia_image '  aria-label='pipe-with-corn-stalk'><img fetchpriority=\"high\" decoding=\"async\" fetchpriority=\"high\" fetchpriority=\"high\" class='wp-image-48564 avia-img-lazy-loading-not-48564 avia_image ' src=\"https:\/\/www.amiblu.com\/wp-content\/uploads\/pipe-with-corn-stalk.jpg\" alt='pipe with corn-stalk' title='pipe-with-corn-stalk'  height=\"340\" width=\"600\"  itemprop=\"thumbnailUrl\" srcset=\"https:\/\/www.amiblu.com\/wp-content\/uploads\/pipe-with-corn-stalk.jpg 600w, https:\/\/www.amiblu.com\/wp-content\/uploads\/pipe-with-corn-stalk-300x170.jpg 300w\" sizes=\"(max-width: 600px) 100vw, 600px\" \/><\/a><\/div><\/div><\/div><br \/>\n<section  class='av_textblock_section av-4wc9dj7-8d3dbfe675c5ad1b43e6c823db8c70b9 '   itemscope=\"itemscope\" itemtype=\"https:\/\/schema.org\/CreativeWork\" ><div class='avia_textblock'  itemprop=\"text\" ><p><strong>La responsabilidad ambiental<\/strong> es la capacidad de mantener el uso de recursos renovables, la contaminaci\u00f3n y el agotamiento de recursos no renovables a niveles que no da\u00f1en el futuro de nuestro planeta. Es imprescindible otorgar a este pilar del desarrollo sostenible la m\u00e1xima prioridad: Es un requisito previo tanto para la sostenibilidad social como econ\u00f3mica.<br \/>\n<br class=\"avia-permanent-lb\" \/><\/p>\n\n<style type=\"text\/css\" data-created_by=\"avia_inline_auto\" id=\"style-css-av-4frzr6r-c9672582536f48db75ec30dc5898615c\">\n.av_font_icon.av-4frzr6r-c9672582536f48db75ec30dc5898615c{\ncolor:#ffffff;\nborder-color:#ffffff;\n}\n.avia-svg-icon.av-4frzr6r-c9672582536f48db75ec30dc5898615c svg:first-child{\nstroke:#ffffff;\nfill:#ffffff;\n}\n.av_font_icon.av-4frzr6r-c9672582536f48db75ec30dc5898615c .av-icon-char{\nfont-size:25px;\nline-height:25px;\n}\n<\/style>\n<span  class='av_font_icon av-4frzr6r-c9672582536f48db75ec30dc5898615c avia_animate_when_visible av-icon-style- avia-icon-pos-left avia-iconfont avia-font-amiblu-icons avia-icon-animate'><a href='https:\/\/www.amiblu.com\/es\/responsabilidad-ambiental-del-prfv\/'   class='av-icon-char' data-av_icon='\ue800' data-av_iconfont='amiblu-icons' aria-hidden=\"false\" ><\/a><\/span>\n<\/div><\/section><\/p><\/div><div class='av-flex-placeholder'><\/div>\n<style type=\"text\/css\" data-created_by=\"avia_inline_auto\" id=\"style-css-av-409ng2r-1d7ed3d39c65321805a2ed240fc49433\">\n.flex_column.av-409ng2r-1d7ed3d39c65321805a2ed240fc49433{\nwidth:32%;\nmargin-left:0;\n}\n#top .flex_column_table.av-equal-height-column-flextable.av-409ng2r-1d7ed3d39c65321805a2ed240fc49433 .av-flex-placeholder{\nwidth:2%;\n}\n<\/style>\n<div  class='flex_column av-409ng2r-1d7ed3d39c65321805a2ed240fc49433 av_one_third  avia-builder-el-37  el_after_av_one_third  el_before_av_one_third  flex_column_table_cell av-equal-height-column av-align-top  column-top-margin'     ><p>\n<style type=\"text\/css\" data-created_by=\"avia_inline_auto\" id=\"style-css-av-3a2a41v-4b1e9348a6b17388953177d5242938be\">\n.avia-image-container.av-3a2a41v-4b1e9348a6b17388953177d5242938be img.avia_image{\nbox-shadow:none;\n}\n.avia-image-container.av-3a2a41v-4b1e9348a6b17388953177d5242938be .av-image-caption-overlay-center{\ncolor:#ffffff;\n}\n<\/style>\n<div  class='avia-image-container av-3a2a41v-4b1e9348a6b17388953177d5242938be av-styling- av-img-linked avia-align-center  avia-builder-el-38  el_before_av_textblock  avia-builder-el-first '   itemprop=\"image\" itemscope=\"itemscope\" itemtype=\"https:\/\/schema.org\/ImageObject\" ><div class=\"avia-image-container-inner\"><div class=\"avia-image-overlay-wrap\"><a href=\"https:\/\/www.amiblu.com\/es\/responsabilidad-economica-del-prfv\/\" class='avia_image '  aria-label='man-on-pipe-cheering'><img fetchpriority=\"high\" decoding=\"async\" fetchpriority=\"high\" fetchpriority=\"high\" class='wp-image-48562 avia-img-lazy-loading-not-48562 avia_image ' src=\"https:\/\/www.amiblu.com\/wp-content\/uploads\/man-on-pipe-cheering.jpg\" alt='man on pipe cheering' title='man-on-pipe-cheering'  height=\"340\" width=\"600\"  itemprop=\"thumbnailUrl\" srcset=\"https:\/\/www.amiblu.com\/wp-content\/uploads\/man-on-pipe-cheering.jpg 600w, https:\/\/www.amiblu.com\/wp-content\/uploads\/man-on-pipe-cheering-300x170.jpg 300w\" sizes=\"(max-width: 600px) 100vw, 600px\" \/><\/a><\/div><\/div><\/div><br \/>\n<section  class='av_textblock_section av-2sz2wo3-cfc74eb7a38ec1c7ea96924940b0b83a '   itemscope=\"itemscope\" itemtype=\"https:\/\/schema.org\/CreativeWork\" ><div class='avia_textblock'  itemprop=\"text\" ><p><strong>La responsabilidad econ\u00f3mica<\/strong> es la capacidad de soportar un nivel definido de producci\u00f3n econ\u00f3mica por tiempo indefinido. Dicho de otro modo, es el proceso de asignar y proteger recursos escasos, al tiempo que garantiza resultados sociales y ambientales positivos.<br \/>\n<br class=\"avia-permanent-lb\" \/><br class=\"avia-permanent-lb\" \/><\/p>\n<p><br class=\"avia-permanent-lb\" \/>\n<style type=\"text\/css\" data-created_by=\"avia_inline_auto\" id=\"style-css-av-2gt2awz-3d0103217339bf37192c6ef6a6928692\">\n.av_font_icon.av-2gt2awz-3d0103217339bf37192c6ef6a6928692{\ncolor:#ffffff;\nborder-color:#ffffff;\n}\n.avia-svg-icon.av-2gt2awz-3d0103217339bf37192c6ef6a6928692 svg:first-child{\nstroke:#ffffff;\nfill:#ffffff;\n}\n.av_font_icon.av-2gt2awz-3d0103217339bf37192c6ef6a6928692 .av-icon-char{\nfont-size:25px;\nline-height:25px;\n}\n<\/style>\n<span  class='av_font_icon av-2gt2awz-3d0103217339bf37192c6ef6a6928692 avia_animate_when_visible av-icon-style- avia-icon-pos-left avia-iconfont avia-font-amiblu-icons avia-icon-animate'><a href='https:\/\/www.amiblu.com\/es\/responsabilidad-economica-del-prfv\/'   class='av-icon-char' data-av_icon='\ue800' data-av_iconfont='amiblu-icons' aria-hidden=\"false\" ><\/a><\/span><\/p>\n<\/div><\/section><\/p><\/div><div class='av-flex-placeholder'><\/div>\n<style type=\"text\/css\" data-created_by=\"avia_inline_auto\" id=\"style-css-av-2anemeb-ea911aa748e49f0542837f97135390aa\">\n.flex_column.av-2anemeb-ea911aa748e49f0542837f97135390aa{\nwidth:32%;\nmargin-left:0;\n}\n#top .flex_column_table.av-equal-height-column-flextable.av-2anemeb-ea911aa748e49f0542837f97135390aa .av-flex-placeholder{\nwidth:2%;\n}\n<\/style>\n<div  class='flex_column av-2anemeb-ea911aa748e49f0542837f97135390aa av_one_third  avia-builder-el-41  el_after_av_one_third  avia-builder-el-last  flex_column_table_cell av-equal-height-column av-align-top  column-top-margin'     ><p>\n<style type=\"text\/css\" data-created_by=\"avia_inline_auto\" id=\"style-css-av-1qmpemb-9ea92fde11eb2cf4eceb40878942d7be\">\n.avia-image-container.av-1qmpemb-9ea92fde11eb2cf4eceb40878942d7be img.avia_image{\nbox-shadow:none;\n}\n.avia-image-container.av-1qmpemb-9ea92fde11eb2cf4eceb40878942d7be .av-image-caption-overlay-center{\ncolor:#ffffff;\n}\n<\/style>\n<div  class='avia-image-container av-1qmpemb-9ea92fde11eb2cf4eceb40878942d7be av-styling- av-img-linked avia-align-center  avia-builder-el-42  el_before_av_textblock  avia-builder-el-first '   itemprop=\"image\" itemscope=\"itemscope\" itemtype=\"https:\/\/schema.org\/ImageObject\" ><div class=\"avia-image-container-inner\"><div class=\"avia-image-overlay-wrap\"><a href=\"https:\/\/www.amiblu.com\/es\/responsabilidad-social-del-prfv\/\" class='avia_image '  aria-label='man-showing-image-computer'><img fetchpriority=\"high\" decoding=\"async\" fetchpriority=\"high\" fetchpriority=\"high\" class='wp-image-48563 avia-img-lazy-loading-not-48563 avia_image ' src=\"https:\/\/www.amiblu.com\/wp-content\/uploads\/man-showing-image-computer.jpg\" alt='man showing image on computer' title='man-showing-image-computer'  height=\"340\" width=\"600\"  itemprop=\"thumbnailUrl\" srcset=\"https:\/\/www.amiblu.com\/wp-content\/uploads\/man-showing-image-computer.jpg 600w, https:\/\/www.amiblu.com\/wp-content\/uploads\/man-showing-image-computer-300x170.jpg 300w\" sizes=\"(max-width: 600px) 100vw, 600px\" \/><\/a><\/div><\/div><\/div><br \/>\n<section  class='av_textblock_section av-18liclf-04b095c7d63faa4a8e4019100352f151 '   itemscope=\"itemscope\" itemtype=\"https:\/\/schema.org\/CreativeWork\" ><div class='avia_textblock'  itemprop=\"text\" ><p><strong>La responsabilidad social<\/strong> es la capacidad de un sistema social, por ejemplo un pa\u00eds, de mantener un nivel definido de bienestar social por tiempo indefinido. Las generaciones futuras deber\u00edan tener el mismo o mayor acceso a los recursos sociales que la generaci\u00f3n actual. Es m\u00e1s, deber\u00eda haber acceso equitativo a los recursos sociales dentro de una misma generaci\u00f3n.<br \/>\n<br class=\"avia-permanent-lb\" \/><\/p>\n\n<style type=\"text\/css\" data-created_by=\"avia_inline_auto\" id=\"style-css-av-jyeh8j-afcc1cfce9d5c47617f2459b6a0bc5d1\">\n.av_font_icon.av-jyeh8j-afcc1cfce9d5c47617f2459b6a0bc5d1{\ncolor:#ffffff;\nborder-color:#ffffff;\n}\n.avia-svg-icon.av-jyeh8j-afcc1cfce9d5c47617f2459b6a0bc5d1 svg:first-child{\nstroke:#ffffff;\nfill:#ffffff;\n}\n.av_font_icon.av-jyeh8j-afcc1cfce9d5c47617f2459b6a0bc5d1 .av-icon-char{\nfont-size:25px;\nline-height:25px;\n}\n<\/style>\n<span  class='av_font_icon av-jyeh8j-afcc1cfce9d5c47617f2459b6a0bc5d1 avia_animate_when_visible av-icon-style- avia-icon-pos-left avia-iconfont avia-font-amiblu-icons avia-icon-animate'><a href='https:\/\/www.amiblu.com\/es\/responsabilidad-social-del-prfv\/'   class='av-icon-char' data-av_icon='\ue800' data-av_iconfont='amiblu-icons' aria-hidden=\"false\" ><\/a><\/span>\n<\/div><\/section><\/p><\/div><\/div><!--close column table wrapper. Autoclose: 1 -->\n\n","protected":false},"excerpt":{"rendered":"","protected":false},"author":8,"featured_media":48598,"parent":0,"menu_order":105,"comment_status":"closed","ping_status":"closed","template":"","meta":{"_acf_changed":false,"footnotes":""},"class_list":["post-39811","page","type-page","status-publish","has-post-thumbnail","hentry"],"acf":[],"yoast_head":"<!-- This site is optimized with the Yoast SEO Premium plugin v27.5 (Yoast SEO v27.5) - https:\/\/yoast.com\/product\/yoast-seo-premium-wordpress\/ -->\n<title>Por qu\u00e9 PRFV (Poli\u00e9ster Reforzado con Fibra de Vidrio)<\/title>\n<meta name=\"description\" content=\"El Poli\u00e9ster Reforzado con Fibra de Vidrio (PRFV) es un material ideal para una amplia gama de aplicaciones en varias industrias.\" \/>\n<meta name=\"robots\" content=\"index, follow, max-snippet:-1, max-image-preview:large, max-video-preview:-1\" \/>\n<link rel=\"canonical\" href=\"https:\/\/www.amiblu.com\/es\/por-que-prfv\/\" \/>\n<meta property=\"og:locale\" content=\"es_ES\" \/>\n<meta property=\"og:type\" content=\"article\" \/>\n<meta property=\"og:title\" content=\"Por qu\u00e9 PRFV\" \/>\n<meta property=\"og:description\" content=\"El Poli\u00e9ster Reforzado con Fibra de Vidrio (PRFV) es un material ideal para una amplia gama de aplicaciones en varias industrias.\" \/>\n<meta property=\"og:url\" content=\"https:\/\/www.amiblu.com\/es\/por-que-prfv\/\" \/>\n<meta property=\"og:site_name\" content=\"Amiblu\" \/>\n<meta property=\"article:publisher\" content=\"https:\/\/www.facebook.com\/amiblupipes\" \/>\n<meta property=\"article:modified_time\" content=\"2023-05-02T09:19:35+00:00\" \/>\n<meta property=\"og:image\" content=\"https:\/\/www.amiblu.com\/wp-content\/uploads\/Amiblu-glassfibers.jpg\" \/>\n\t<meta property=\"og:image:width\" content=\"600\" \/>\n\t<meta property=\"og:image:height\" content=\"340\" \/>\n\t<meta property=\"og:image:type\" content=\"image\/jpeg\" \/>\n<meta name=\"twitter:card\" content=\"summary_large_image\" \/>\n<meta name=\"twitter:label1\" content=\"Tiempo de lectura\" \/>\n\t<meta name=\"twitter:data1\" content=\"13 minutos\" \/>\n<script type=\"application\/ld+json\" class=\"yoast-schema-graph\">{\"@context\":\"https:\\\/\\\/schema.org\",\"@graph\":[{\"@type\":\"WebPage\",\"@id\":\"https:\\\/\\\/www.amiblu.com\\\/es\\\/por-que-prfv\\\/\",\"url\":\"https:\\\/\\\/www.amiblu.com\\\/es\\\/por-que-prfv\\\/\",\"name\":\"Por qu\u00e9 PRFV (Poli\u00e9ster Reforzado con Fibra de Vidrio)\",\"isPartOf\":{\"@id\":\"https:\\\/\\\/www.amiblu.com\\\/es\\\/#website\"},\"primaryImageOfPage\":{\"@id\":\"https:\\\/\\\/www.amiblu.com\\\/es\\\/por-que-prfv\\\/#primaryimage\"},\"image\":{\"@id\":\"https:\\\/\\\/www.amiblu.com\\\/es\\\/por-que-prfv\\\/#primaryimage\"},\"thumbnailUrl\":\"https:\\\/\\\/www.amiblu.com\\\/wp-content\\\/uploads\\\/Amiblu-glassfibers.jpg\",\"datePublished\":\"2021-08-02T07:33:32+00:00\",\"dateModified\":\"2023-05-02T09:19:35+00:00\",\"description\":\"El Poli\u00e9ster Reforzado con Fibra de Vidrio (PRFV) es un material ideal para una amplia gama de aplicaciones en varias industrias.\",\"inLanguage\":\"es\",\"potentialAction\":[{\"@type\":\"ReadAction\",\"target\":[\"https:\\\/\\\/www.amiblu.com\\\/es\\\/por-que-prfv\\\/\"]}]},{\"@type\":\"ImageObject\",\"inLanguage\":\"es\",\"@id\":\"https:\\\/\\\/www.amiblu.com\\\/es\\\/por-que-prfv\\\/#primaryimage\",\"url\":\"https:\\\/\\\/www.amiblu.com\\\/wp-content\\\/uploads\\\/Amiblu-glassfibers.jpg\",\"contentUrl\":\"https:\\\/\\\/www.amiblu.com\\\/wp-content\\\/uploads\\\/Amiblu-glassfibers.jpg\",\"width\":600,\"height\":340,\"caption\":\"Amiblu glassfibers\"},{\"@type\":\"WebSite\",\"@id\":\"https:\\\/\\\/www.amiblu.com\\\/es\\\/#website\",\"url\":\"https:\\\/\\\/www.amiblu.com\\\/es\\\/\",\"name\":\"Amiblu\",\"description\":\"GFK-Rohrsysteme f\u00fcr Generationen\",\"publisher\":{\"@id\":\"https:\\\/\\\/www.amiblu.com\\\/es\\\/#organization\"},\"potentialAction\":[{\"@type\":\"SearchAction\",\"target\":{\"@type\":\"EntryPoint\",\"urlTemplate\":\"https:\\\/\\\/www.amiblu.com\\\/es\\\/?s={search_term_string}\"},\"query-input\":{\"@type\":\"PropertyValueSpecification\",\"valueRequired\":true,\"valueName\":\"search_term_string\"}}],\"inLanguage\":\"es\"},{\"@type\":\"Organization\",\"@id\":\"https:\\\/\\\/www.amiblu.com\\\/es\\\/#organization\",\"name\":\"Amiblu Group\",\"url\":\"https:\\\/\\\/www.amiblu.com\\\/es\\\/\",\"logo\":{\"@type\":\"ImageObject\",\"inLanguage\":\"es\",\"@id\":\"https:\\\/\\\/www.amiblu.com\\\/es\\\/#\\\/schema\\\/logo\\\/image\\\/\",\"url\":\"https:\\\/\\\/www.amiblu.com\\\/wp-content\\\/uploads\\\/2021\\\/01\\\/Amiblu-logo-website-1.png\",\"contentUrl\":\"https:\\\/\\\/www.amiblu.com\\\/wp-content\\\/uploads\\\/2021\\\/01\\\/Amiblu-logo-website-1.png\",\"width\":201,\"height\":38,\"caption\":\"Amiblu Group\"},\"image\":{\"@id\":\"https:\\\/\\\/www.amiblu.com\\\/es\\\/#\\\/schema\\\/logo\\\/image\\\/\"},\"sameAs\":[\"https:\\\/\\\/www.facebook.com\\\/amiblupipes\",\"https:\\\/\\\/www.youtube.com\\\/c\\\/Amiblu\",\"https:\\\/\\\/de.wikipedia.org\\\/wiki\\\/Amiblu\",\"https:\\\/\\\/www.linkedin.com\\\/company\\\/amiblupipes\\\/\"]}]}<\/script>\n<!-- \/ Yoast SEO Premium plugin. -->","yoast_head_json":{"title":"Por qu\u00e9 PRFV (Poli\u00e9ster Reforzado con Fibra de Vidrio)","description":"El Poli\u00e9ster Reforzado con Fibra de Vidrio (PRFV) es un material ideal para una amplia gama de aplicaciones en varias industrias.","robots":{"index":"index","follow":"follow","max-snippet":"max-snippet:-1","max-image-preview":"max-image-preview:large","max-video-preview":"max-video-preview:-1"},"canonical":"https:\/\/www.amiblu.com\/es\/por-que-prfv\/","og_locale":"es_ES","og_type":"article","og_title":"Por qu\u00e9 PRFV","og_description":"El Poli\u00e9ster Reforzado con Fibra de Vidrio (PRFV) es un material ideal para una amplia gama de aplicaciones en varias industrias.","og_url":"https:\/\/www.amiblu.com\/es\/por-que-prfv\/","og_site_name":"Amiblu","article_publisher":"https:\/\/www.facebook.com\/amiblupipes","article_modified_time":"2023-05-02T09:19:35+00:00","og_image":[{"width":600,"height":340,"url":"https:\/\/www.amiblu.com\/wp-content\/uploads\/Amiblu-glassfibers.jpg","type":"image\/jpeg"}],"twitter_card":"summary_large_image","twitter_misc":{"Tiempo de lectura":"13 minutos"},"schema":{"@context":"https:\/\/schema.org","@graph":[{"@type":"WebPage","@id":"https:\/\/www.amiblu.com\/es\/por-que-prfv\/","url":"https:\/\/www.amiblu.com\/es\/por-que-prfv\/","name":"Por qu\u00e9 PRFV (Poli\u00e9ster Reforzado con Fibra de Vidrio)","isPartOf":{"@id":"https:\/\/www.amiblu.com\/es\/#website"},"primaryImageOfPage":{"@id":"https:\/\/www.amiblu.com\/es\/por-que-prfv\/#primaryimage"},"image":{"@id":"https:\/\/www.amiblu.com\/es\/por-que-prfv\/#primaryimage"},"thumbnailUrl":"https:\/\/www.amiblu.com\/wp-content\/uploads\/Amiblu-glassfibers.jpg","datePublished":"2021-08-02T07:33:32+00:00","dateModified":"2023-05-02T09:19:35+00:00","description":"El Poli\u00e9ster Reforzado con Fibra de Vidrio (PRFV) es un material ideal para una amplia gama de aplicaciones en varias industrias.","inLanguage":"es","potentialAction":[{"@type":"ReadAction","target":["https:\/\/www.amiblu.com\/es\/por-que-prfv\/"]}]},{"@type":"ImageObject","inLanguage":"es","@id":"https:\/\/www.amiblu.com\/es\/por-que-prfv\/#primaryimage","url":"https:\/\/www.amiblu.com\/wp-content\/uploads\/Amiblu-glassfibers.jpg","contentUrl":"https:\/\/www.amiblu.com\/wp-content\/uploads\/Amiblu-glassfibers.jpg","width":600,"height":340,"caption":"Amiblu glassfibers"},{"@type":"WebSite","@id":"https:\/\/www.amiblu.com\/es\/#website","url":"https:\/\/www.amiblu.com\/es\/","name":"Amiblu","description":"GFK-Rohrsysteme f\u00fcr Generationen","publisher":{"@id":"https:\/\/www.amiblu.com\/es\/#organization"},"potentialAction":[{"@type":"SearchAction","target":{"@type":"EntryPoint","urlTemplate":"https:\/\/www.amiblu.com\/es\/?s={search_term_string}"},"query-input":{"@type":"PropertyValueSpecification","valueRequired":true,"valueName":"search_term_string"}}],"inLanguage":"es"},{"@type":"Organization","@id":"https:\/\/www.amiblu.com\/es\/#organization","name":"Amiblu Group","url":"https:\/\/www.amiblu.com\/es\/","logo":{"@type":"ImageObject","inLanguage":"es","@id":"https:\/\/www.amiblu.com\/es\/#\/schema\/logo\/image\/","url":"https:\/\/www.amiblu.com\/wp-content\/uploads\/2021\/01\/Amiblu-logo-website-1.png","contentUrl":"https:\/\/www.amiblu.com\/wp-content\/uploads\/2021\/01\/Amiblu-logo-website-1.png","width":201,"height":38,"caption":"Amiblu Group"},"image":{"@id":"https:\/\/www.amiblu.com\/es\/#\/schema\/logo\/image\/"},"sameAs":["https:\/\/www.facebook.com\/amiblupipes","https:\/\/www.youtube.com\/c\/Amiblu","https:\/\/de.wikipedia.org\/wiki\/Amiblu","https:\/\/www.linkedin.com\/company\/amiblupipes\/"]}]}},"_links":{"self":[{"href":"https:\/\/www.amiblu.com\/es\/wp-json\/wp\/v2\/pages\/39811","targetHints":{"allow":["GET"]}}],"collection":[{"href":"https:\/\/www.amiblu.com\/es\/wp-json\/wp\/v2\/pages"}],"about":[{"href":"https:\/\/www.amiblu.com\/es\/wp-json\/wp\/v2\/types\/page"}],"author":[{"embeddable":true,"href":"https:\/\/www.amiblu.com\/es\/wp-json\/wp\/v2\/users\/8"}],"replies":[{"embeddable":true,"href":"https:\/\/www.amiblu.com\/es\/wp-json\/wp\/v2\/comments?post=39811"}],"version-history":[{"count":20,"href":"https:\/\/www.amiblu.com\/es\/wp-json\/wp\/v2\/pages\/39811\/revisions"}],"predecessor-version":[{"id":57033,"href":"https:\/\/www.amiblu.com\/es\/wp-json\/wp\/v2\/pages\/39811\/revisions\/57033"}],"wp:featuredmedia":[{"embeddable":true,"href":"https:\/\/www.amiblu.com\/es\/wp-json\/wp\/v2\/media\/48598"}],"wp:attachment":[{"href":"https:\/\/www.amiblu.com\/es\/wp-json\/wp\/v2\/media?parent=39811"}],"curies":[{"name":"wp","href":"https:\/\/api.w.org\/{rel}","templated":true}]}}