{"id":39459,"date":"2021-07-23T10:48:54","date_gmt":"2021-07-23T08:48:54","guid":{"rendered":"https:\/\/www.amiblu.com\/?page_id=39459"},"modified":"2022-03-07T10:19:06","modified_gmt":"2022-03-07T09:19:06","slug":"politique-de-confidentialite","status":"publish","type":"page","link":"https:\/\/www.amiblu.com\/fr\/politique-de-confidentialite\/","title":{"rendered":"Politique de confidentialit\u00e9 du groupe Amiblu"},"content":{"rendered":"\n<style type=\"text\/css\" data-created_by=\"avia_inline_auto\" id=\"style-css-av-krg3onwg-a95c35ab12368888b75bbf3174594ae1\">\n#top .av-special-heading.av-krg3onwg-a95c35ab12368888b75bbf3174594ae1{\npadding-bottom:10px;\n}\nbody .av-special-heading.av-krg3onwg-a95c35ab12368888b75bbf3174594ae1 .av-special-heading-tag .heading-char{\nfont-size:25px;\n}\n.av-special-heading.av-krg3onwg-a95c35ab12368888b75bbf3174594ae1 .av-subheading{\nfont-size:15px;\n}\n<\/style>\n<div  class='av-special-heading av-krg3onwg-a95c35ab12368888b75bbf3174594ae1 av-special-heading-h1 blockquote modern-quote  avia-builder-el-0  el_before_av_textblock  avia-builder-el-first '><h1 class='av-special-heading-tag '  itemprop=\"headline\"  > Politique de confidentialit\u00e9 du groupe Amiblu<\/h1><div class=\"special-heading-border\"><div class=\"special-heading-inner-border\"><\/div><\/div><\/div>\n<section  class='av_textblock_section av-kkxzxc1l-7f33b4d4b87faa09f279d9f27cda48f1 '   itemscope=\"itemscope\" itemtype=\"https:\/\/schema.org\/CreativeWork\" ><div class='avia_textblock'  itemprop=\"text\" ><div class=\"vc_row wpb_row section vc_row-fluid vc_inner \">\n<div class=\" full_section_inner clearfix\">\n<div class=\"wpb_column vc_column_container vc_col-sm-8\">\n<div class=\"vc_column-inner\">\n<div class=\"wpb_wrapper\">\n<div class=\"wpb_text_column wpb_content_element \">\n<div class=\"wpb_wrapper\">\n<p><strong>1. Informations g\u00e9n\u00e9rales<\/strong><\/p>\n<p>La protection de vos donn\u00e9es personnelles est l\u2019une de nos principales pr\u00e9occupations et constitue donc une priorit\u00e9. Pour cette raison, nous traitons vos donn\u00e9es uniquement sur la base de la r\u00e9glementation applicable en mati\u00e8re de protection des donn\u00e9es, en particulier en ce qui concerne le R\u00e9glement G\u00e9n\u00e9ral de l\u2019UE sur la Protection des Donn\u00e9es (RGPD) et la loi autrichienne sur la Protection des Donn\u00e9es et des T\u00e9l\u00e9communications. Dans cette d\u00e9claration de protection des donn\u00e9es, nous vous informons des aspects essentiels du traitement des donn\u00e9es en relation avec notre site internet.<\/p>\n<p><strong>2. Vos donn\u00e9es<\/strong><\/p>\n<p><strong>2.1 Collecte et traitement de vos donn\u00e9es<\/strong><\/p>\n<p>La collecte de vos donn\u00e9es personnelles, que vous choisissez de saisir<br \/>\nvolontairement pour l\u2019utilisation de services sp\u00e9ciaux et de nos portails, nous est necc\u00e9ssaire pour traiter vos demandes de renseignements, commandes, candidatures, etc. afin de pr\u00e9parer, conclure des contrats et de vous envoyer des newsletter.<\/p>\n<p><strong>2.2 Transfert de vos donn\u00e9es<\/strong><\/p>\n<p>Nous ne transf\u00e9rerons vos donn\u00e9es au sein du Groupe Amiblu que si cela est necc\u00e9ssaire \u00e0 l\u2019ex\u00e9cution de contrats ou si cela pr\u00e9sente un int\u00e9r\u00eat pour vous. Nous pr\u00e9servons la confidentialit\u00e9 de vos donn\u00e9es personnelles, ne les vendrons pas, ne les louerons pas et ne les mettrons pas \u00e0 la disposition de tiers.<\/p>\n<p>Toute transmission aux institutions et autorit\u00e9s de l\u2019Etat n\u2019a lieu que dans le cadre de r\u00e9glementations l\u00e9gales nationales obligatoires.<\/p>\n<p><strong>3. Cookies<\/strong><\/p>\n<p>Tous les sites internet Amiblu utilisent des cookies. Un cookie est un petit fichier texte stock\u00e9 sur le disque dur de votre ordinateur. Le cookie permet au site internet de vous reconnaitre, ainsi que vos param\u00e8tres, lorsque vous y retournez. Vos param\u00e8tres seront enregistr\u00e9s imm\u00e9diatement et vous n\u2019aurez pas besoin de les enregister \u00e0 nouveau.<\/p>\n<p>Si vous ne souhaitez pas que nous reconnaissions votre ordinateur, veuillez param\u00e8trer votre navigateur internet de sorte qu\u2019il efface tous les cookies de votre appareil, refuse tous les cookies ou vous avertisse avant d\u2019accepter les cookies.<\/p>\n<p>Certaines fonctions de notre site internet peuvent ne plus fonctionner, ou ne pas fonctionner correctement, si vous les refusez.<\/p>\n<p><strong>4. Google Analytics<\/strong><\/p>\n<p>Ce site utilise Google Analytics, un service d\u2019analyse de site internet fourni par Google, Inc. (\u00ab\u00a0\u00a0\u00bbGoogle\u00a0\u00bb\u00a0\u00bb). Google Analytics utilise des cookies, qui sont des fichiers texte stock\u00e9s sur le disque dur de votre ordinateur, pour aider le site internet \u00e0 analyser l\u2019utilisation du site par les utilisateurs. Les donn\u00e9es g\u00e9n\u00e9r\u00e9es par les cookies concernant votre utilisation du site internet (y compris votre adresse IP) seront transmises et conserv\u00e9es par Google sur des serveurs situ\u00e9s aux Etats-Unis. Google utilisera ces informations dans le but d\u2019\u00e9valuer votre utilisation du site internet, complier des rapports sur l\u2019activit\u00e9 du site internet \u00e0 destintation de son \u00e9diteur et fournir d\u2019autres services li\u00e9s \u00e0 l\u2019activit\u00e9 du site et \u00e0 son utilisation d\u2019internet. Google est \u00e9galement susceptible de transmettre ces donn\u00e9es \u00e0 des tiers en cas d\u2019obligation l\u00e9gale ou lorsque ces tiers traitent ces donn\u00e9es pour le compte de Google. Google n\u2019associera pas votre adresse IP avec toute autre donn\u00e9e d\u00e9tenue par Google.<\/p>\n<p>Vous pouvez d\u00e9sactiver l\u2019utilisation de cookies en s\u00e9lectionnant les param\u00e8tres appropri\u00e9s de votre navigateur. Cependant, veuillez noter qu\u2019une telle d\u00e9sactivation pourrait emp\u00eacher l\u2019utilisation de certaines fonctionnalit\u00e9s de ce site internet. En outre, vous pouvez emp\u00eacher la collecte et le traitement des donn\u00e9es relatives \u00e0 l\u2019utilisation du site internet (y compris votre adresse IP) par Google en t\u00e9l\u00e9chargeant et en installant le module compl\u00e9mentaire Google Analytics Opt-out Browser.<\/p>\n<p>En utilisant ce site internet, vous consentez express\u00e9ment au traitement de vos donn\u00e9es nominatives collect\u00e9es par Google dans les conditions et pour les finalit\u00e9s d\u00e9crites ci-dessus. L\u2019utilisation de Google Analytics a pour seul but l\u2019optimisation et la conception de nos sites internet en fonction des besoins. Vous trouverez de plus amples informations sur les technologies utilis\u00e9es par Google via le lien suivant:\u00a0<a href=\"https:\/\/marketingplatform.google.com\/about\/analytics\/\" target=\"_blank\" rel=\"noopener noreferrer\">www.google.com\/analytics<\/a>.<\/p>\n<p><strong>5. Newsletter<\/strong><\/p>\n<p>Vous avez la possibilit\u00e9 de vous abonner \u00e0 notre newsletter via notre site internet. Pour cela, nous avons besoin de votre nom, de votre adresse electronique, du nom de l\u2019entreprise pour laquelle vous travaillez, du pays dans lequel vous vivez et que vous consentiez \u00e0 la r\u00e9ception de la newsletter et au traitement de vos donn\u00e9es personnelles.<\/p>\n<p>Vous pouvez modifier les choix relatifs \u00e0 votre abonnement \u00e0 notre newsletter ou vous d\u00e9sabonner de cette derni\u00e8re dans votre compte sans pr\u00e9avis ou en envoyant un courriel \u00e0 info@amiblu.com. Nous supprimerons imm\u00e9diatement les donn\u00e9es que vous nous avez fournies lors de l\u2019abonnement \u00e0 la newsletter..<\/p>\n<p><strong>6. Vos droits<\/strong><\/p>\n<p>Vous \u00eates en droit de nous demander des informations sur les donn\u00e9es personnelles que nous avons stock\u00e9es \u00e0 votre sujet. Ainsi, vous pouvez nous demander la correction des donn\u00e9es, leur suppression, la limitation de leur traitement. Vous pouvez vous opposer \u00e0 leur traitement et demander que les donn\u00e9es stock\u00e9es vous soient transf\u00e9r\u00e9es directement ou \u00e0 un tiers que vous aurez d\u00e9sign\u00e9 sous une forme appropri\u00e9e.<\/p>\n<p>Dans le cas o\u00f9 votre demande ne pourrait ou ne serait pas trait\u00e9e dans un d\u00e9lai d\u2019un mois \u00e0 compter de la r\u00e9ception de la demande, vous pouvez d\u00e9poser une plainte aupr\u00e8s d\u2019une autorit\u00e9 de contr\u00f4le. L\u2019autorit\u00e9 de contr\u00f4le comp\u00e9tente est l\u2019autorit\u00e9 autrichienne de protection des donn\u00e9es \u00e0 Vienne.<\/p>\n<p><strong>7. Vos demandes<\/strong><\/p>\n<p>Pour toute question relative \u00e0 la confidentialit\u00e9 des donn\u00e9es et \u00e0 la revendication des droits \u00e9num\u00e9r\u00e9s ci-dessus, veuillez contacter le coordinateur de la protection des donn\u00e9es d\u2019Amiblu comme suit:<\/p>\n<p>Amiblu Holding GmbH<strong><br \/>\n<\/strong>Data Protection Coordinator<\/p>\n<p>Sterneckstra\u00dfe 19<br \/>\n9020 Klagenfurt am W\u00f6rthersee<br \/>\nAustria<\/p>\n<p><img decoding=\"async\" class=\"alignnone size-full wp-image-44826\" src=\"https:\/\/www.amiblu.com\/wp-content\/uploads\/privacy@amiblu.com-address.png\" alt=\"privacy@amiblu.com\" width=\"124\" height=\"16\" \/><\/p>\n<p>Veuillez nous fournir vos coordonn\u00e9es, le nom du site internet ou du service et une description d\u00e9taill\u00e9e de votre recherche, de votre requ\u00eate ou de vos pr\u00e9occupations concernant la protection des donn\u00e9es.<\/p>\n<p>Toutefois, nous vous prions de bien vouloir comprendre que, pour votre protection contre les demandes de renseignements ou les demandes de tiers non autoris\u00e9s, nous ne fournissons des informations par \u00e9crit qu\u2019\u00e0 l\u2019adresse postale que vous avez reseign\u00e9e sur les portails respectifs.<\/p>\n<p><strong>8. Modification de la politique de confidentialit\u00e9<\/strong><\/p>\n<p>Cette politique de protection des donn\u00e9es sera r\u00e9vis\u00e9e ponctuellement. Nous vous recommandons donc de consulter r\u00e9guli\u00e8rement la politique de confidentialit\u00e9.<\/p>\n<\/div>\n<\/div>\n<\/div>\n<\/div>\n<\/div>\n<div class=\"wpb_column vc_column_container vc_col-sm-2\">\n<div class=\"vc_column-inner\">\n<div class=\"wpb_wrapper\"><\/div>\n<\/div>\n<\/div>\n<div class=\"wpb_column vc_column_container vc_col-sm-2\">\n<div class=\"vc_column-inner\">\n<div class=\"wpb_wrapper\"><\/div>\n<\/div>\n<\/div>\n<\/div>\n<\/div>\n<div class=\"vc_empty_space\"><\/div>\n<\/div><\/section>\n","protected":false},"excerpt":{"rendered":"","protected":false},"author":8,"featured_media":0,"parent":0,"menu_order":210,"comment_status":"closed","ping_status":"closed","template":"","meta":{"_acf_changed":false,"footnotes":""},"class_list":["post-39459","page","type-page","status-publish","hentry"],"acf":[],"yoast_head":"<!-- This site is optimized with the Yoast SEO Premium plugin v27.5 (Yoast SEO v27.5) - https:\/\/yoast.com\/product\/yoast-seo-premium-wordpress\/ -->\n<title>Politique de confidentialit\u00e9 du groupe Amiblu<\/title>\n<meta name=\"description\" content=\"Dans cette d\u00e9claration de protection des donn\u00e9es, nous vous informons des aspects essentiels du traitement des donn\u00e9es en relation avec notre site internet.\" \/>\n<meta name=\"robots\" content=\"index, follow, max-snippet:-1, max-image-preview:large, max-video-preview:-1\" \/>\n<link rel=\"canonical\" href=\"https:\/\/www.amiblu.com\/fr\/politique-de-confidentialite\/\" \/>\n<meta property=\"og:locale\" content=\"fr_FR\" \/>\n<meta property=\"og:type\" content=\"article\" \/>\n<meta property=\"og:title\" content=\"Politique de confidentialit\u00e9 du groupe Amiblu\" \/>\n<meta property=\"og:description\" content=\"Dans cette d\u00e9claration de protection des donn\u00e9es, nous vous informons des aspects essentiels du traitement des donn\u00e9es en relation avec notre site internet.\" \/>\n<meta property=\"og:url\" content=\"https:\/\/www.amiblu.com\/fr\/politique-de-confidentialite\/\" \/>\n<meta property=\"og:site_name\" content=\"Amiblu\" \/>\n<meta property=\"article:publisher\" content=\"https:\/\/www.facebook.com\/amiblupipes\" \/>\n<meta property=\"article:modified_time\" content=\"2022-03-07T09:19:06+00:00\" \/>\n<meta property=\"og:image\" content=\"https:\/\/www.amiblu.com\/wp-content\/uploads\/privacy@amiblu.com-address.png\" \/>\n<meta name=\"twitter:card\" content=\"summary_large_image\" \/>\n<meta name=\"twitter:label1\" content=\"Dur\u00e9e de lecture estim\u00e9e\" \/>\n\t<meta name=\"twitter:data1\" content=\"5 minutes\" \/>\n<script type=\"application\/ld+json\" class=\"yoast-schema-graph\">{\"@context\":\"https:\\\/\\\/schema.org\",\"@graph\":[{\"@type\":\"WebPage\",\"@id\":\"https:\\\/\\\/www.amiblu.com\\\/fr\\\/politique-de-confidentialite\\\/\",\"url\":\"https:\\\/\\\/www.amiblu.com\\\/fr\\\/politique-de-confidentialite\\\/\",\"name\":\"Politique de confidentialit\u00e9 du groupe Amiblu\",\"isPartOf\":{\"@id\":\"https:\\\/\\\/www.amiblu.com\\\/fr\\\/#website\"},\"primaryImageOfPage\":{\"@id\":\"https:\\\/\\\/www.amiblu.com\\\/fr\\\/politique-de-confidentialite\\\/#primaryimage\"},\"image\":{\"@id\":\"https:\\\/\\\/www.amiblu.com\\\/fr\\\/politique-de-confidentialite\\\/#primaryimage\"},\"thumbnailUrl\":\"https:\\\/\\\/www.amiblu.com\\\/wp-content\\\/uploads\\\/privacy@amiblu.com-address.png\",\"datePublished\":\"2021-07-23T08:48:54+00:00\",\"dateModified\":\"2022-03-07T09:19:06+00:00\",\"description\":\"Dans cette d\u00e9claration de protection des donn\u00e9es, nous vous informons des aspects essentiels du traitement des donn\u00e9es en relation avec notre site internet.\",\"inLanguage\":\"fr-FR\",\"potentialAction\":[{\"@type\":\"ReadAction\",\"target\":[\"https:\\\/\\\/www.amiblu.com\\\/fr\\\/politique-de-confidentialite\\\/\"]}]},{\"@type\":\"ImageObject\",\"inLanguage\":\"fr-FR\",\"@id\":\"https:\\\/\\\/www.amiblu.com\\\/fr\\\/politique-de-confidentialite\\\/#primaryimage\",\"url\":\"https:\\\/\\\/www.amiblu.com\\\/wp-content\\\/uploads\\\/privacy@amiblu.com-address.png\",\"contentUrl\":\"https:\\\/\\\/www.amiblu.com\\\/wp-content\\\/uploads\\\/privacy@amiblu.com-address.png\"},{\"@type\":\"WebSite\",\"@id\":\"https:\\\/\\\/www.amiblu.com\\\/fr\\\/#website\",\"url\":\"https:\\\/\\\/www.amiblu.com\\\/fr\\\/\",\"name\":\"Amiblu\",\"description\":\"GFK-Rohrsysteme f\u00fcr Generationen\",\"publisher\":{\"@id\":\"https:\\\/\\\/www.amiblu.com\\\/fr\\\/#organization\"},\"potentialAction\":[{\"@type\":\"SearchAction\",\"target\":{\"@type\":\"EntryPoint\",\"urlTemplate\":\"https:\\\/\\\/www.amiblu.com\\\/fr\\\/?s={search_term_string}\"},\"query-input\":{\"@type\":\"PropertyValueSpecification\",\"valueRequired\":true,\"valueName\":\"search_term_string\"}}],\"inLanguage\":\"fr-FR\"},{\"@type\":\"Organization\",\"@id\":\"https:\\\/\\\/www.amiblu.com\\\/fr\\\/#organization\",\"name\":\"Amiblu Group\",\"url\":\"https:\\\/\\\/www.amiblu.com\\\/fr\\\/\",\"logo\":{\"@type\":\"ImageObject\",\"inLanguage\":\"fr-FR\",\"@id\":\"https:\\\/\\\/www.amiblu.com\\\/fr\\\/#\\\/schema\\\/logo\\\/image\\\/\",\"url\":\"https:\\\/\\\/www.amiblu.com\\\/wp-content\\\/uploads\\\/2021\\\/01\\\/Amiblu-logo-website-1.png\",\"contentUrl\":\"https:\\\/\\\/www.amiblu.com\\\/wp-content\\\/uploads\\\/2021\\\/01\\\/Amiblu-logo-website-1.png\",\"width\":201,\"height\":38,\"caption\":\"Amiblu Group\"},\"image\":{\"@id\":\"https:\\\/\\\/www.amiblu.com\\\/fr\\\/#\\\/schema\\\/logo\\\/image\\\/\"},\"sameAs\":[\"https:\\\/\\\/www.facebook.com\\\/amiblupipes\",\"https:\\\/\\\/www.youtube.com\\\/c\\\/Amiblu\",\"https:\\\/\\\/de.wikipedia.org\\\/wiki\\\/Amiblu\",\"https:\\\/\\\/www.linkedin.com\\\/company\\\/amiblupipes\\\/\"]}]}<\/script>\n<!-- \/ Yoast SEO Premium plugin. -->","yoast_head_json":{"title":"Politique de confidentialit\u00e9 du groupe Amiblu","description":"Dans cette d\u00e9claration de protection des donn\u00e9es, nous vous informons des aspects essentiels du traitement des donn\u00e9es en relation avec notre site internet.","robots":{"index":"index","follow":"follow","max-snippet":"max-snippet:-1","max-image-preview":"max-image-preview:large","max-video-preview":"max-video-preview:-1"},"canonical":"https:\/\/www.amiblu.com\/fr\/politique-de-confidentialite\/","og_locale":"fr_FR","og_type":"article","og_title":"Politique de confidentialit\u00e9 du groupe Amiblu","og_description":"Dans cette d\u00e9claration de protection des donn\u00e9es, nous vous informons des aspects essentiels du traitement des donn\u00e9es en relation avec notre site internet.","og_url":"https:\/\/www.amiblu.com\/fr\/politique-de-confidentialite\/","og_site_name":"Amiblu","article_publisher":"https:\/\/www.facebook.com\/amiblupipes","article_modified_time":"2022-03-07T09:19:06+00:00","og_image":[{"url":"https:\/\/www.amiblu.com\/wp-content\/uploads\/privacy@amiblu.com-address.png","type":"","width":"","height":""}],"twitter_card":"summary_large_image","twitter_misc":{"Dur\u00e9e de lecture estim\u00e9e":"5 minutes"},"schema":{"@context":"https:\/\/schema.org","@graph":[{"@type":"WebPage","@id":"https:\/\/www.amiblu.com\/fr\/politique-de-confidentialite\/","url":"https:\/\/www.amiblu.com\/fr\/politique-de-confidentialite\/","name":"Politique de confidentialit\u00e9 du groupe Amiblu","isPartOf":{"@id":"https:\/\/www.amiblu.com\/fr\/#website"},"primaryImageOfPage":{"@id":"https:\/\/www.amiblu.com\/fr\/politique-de-confidentialite\/#primaryimage"},"image":{"@id":"https:\/\/www.amiblu.com\/fr\/politique-de-confidentialite\/#primaryimage"},"thumbnailUrl":"https:\/\/www.amiblu.com\/wp-content\/uploads\/privacy@amiblu.com-address.png","datePublished":"2021-07-23T08:48:54+00:00","dateModified":"2022-03-07T09:19:06+00:00","description":"Dans cette d\u00e9claration de protection des donn\u00e9es, nous vous informons des aspects essentiels du traitement des donn\u00e9es en relation avec notre site internet.","inLanguage":"fr-FR","potentialAction":[{"@type":"ReadAction","target":["https:\/\/www.amiblu.com\/fr\/politique-de-confidentialite\/"]}]},{"@type":"ImageObject","inLanguage":"fr-FR","@id":"https:\/\/www.amiblu.com\/fr\/politique-de-confidentialite\/#primaryimage","url":"https:\/\/www.amiblu.com\/wp-content\/uploads\/privacy@amiblu.com-address.png","contentUrl":"https:\/\/www.amiblu.com\/wp-content\/uploads\/privacy@amiblu.com-address.png"},{"@type":"WebSite","@id":"https:\/\/www.amiblu.com\/fr\/#website","url":"https:\/\/www.amiblu.com\/fr\/","name":"Amiblu","description":"GFK-Rohrsysteme f\u00fcr Generationen","publisher":{"@id":"https:\/\/www.amiblu.com\/fr\/#organization"},"potentialAction":[{"@type":"SearchAction","target":{"@type":"EntryPoint","urlTemplate":"https:\/\/www.amiblu.com\/fr\/?s={search_term_string}"},"query-input":{"@type":"PropertyValueSpecification","valueRequired":true,"valueName":"search_term_string"}}],"inLanguage":"fr-FR"},{"@type":"Organization","@id":"https:\/\/www.amiblu.com\/fr\/#organization","name":"Amiblu Group","url":"https:\/\/www.amiblu.com\/fr\/","logo":{"@type":"ImageObject","inLanguage":"fr-FR","@id":"https:\/\/www.amiblu.com\/fr\/#\/schema\/logo\/image\/","url":"https:\/\/www.amiblu.com\/wp-content\/uploads\/2021\/01\/Amiblu-logo-website-1.png","contentUrl":"https:\/\/www.amiblu.com\/wp-content\/uploads\/2021\/01\/Amiblu-logo-website-1.png","width":201,"height":38,"caption":"Amiblu Group"},"image":{"@id":"https:\/\/www.amiblu.com\/fr\/#\/schema\/logo\/image\/"},"sameAs":["https:\/\/www.facebook.com\/amiblupipes","https:\/\/www.youtube.com\/c\/Amiblu","https:\/\/de.wikipedia.org\/wiki\/Amiblu","https:\/\/www.linkedin.com\/company\/amiblupipes\/"]}]}},"_links":{"self":[{"href":"https:\/\/www.amiblu.com\/fr\/wp-json\/wp\/v2\/pages\/39459","targetHints":{"allow":["GET"]}}],"collection":[{"href":"https:\/\/www.amiblu.com\/fr\/wp-json\/wp\/v2\/pages"}],"about":[{"href":"https:\/\/www.amiblu.com\/fr\/wp-json\/wp\/v2\/types\/page"}],"author":[{"embeddable":true,"href":"https:\/\/www.amiblu.com\/fr\/wp-json\/wp\/v2\/users\/8"}],"replies":[{"embeddable":true,"href":"https:\/\/www.amiblu.com\/fr\/wp-json\/wp\/v2\/comments?post=39459"}],"version-history":[{"count":6,"href":"https:\/\/www.amiblu.com\/fr\/wp-json\/wp\/v2\/pages\/39459\/revisions"}],"predecessor-version":[{"id":44850,"href":"https:\/\/www.amiblu.com\/fr\/wp-json\/wp\/v2\/pages\/39459\/revisions\/44850"}],"wp:attachment":[{"href":"https:\/\/www.amiblu.com\/fr\/wp-json\/wp\/v2\/media?parent=39459"}],"curies":[{"name":"wp","href":"https:\/\/api.w.org\/{rel}","templated":true}]}}