{"id":39955,"date":"2021-08-02T14:50:09","date_gmt":"2021-08-02T12:50:09","guid":{"rendered":"https:\/\/www.amiblu.com\/?page_id=39955"},"modified":"2022-11-15T12:19:36","modified_gmt":"2022-11-15T11:19:36","slug":"polityka-prywatnosci","status":"publish","type":"page","link":"https:\/\/www.amiblu.com\/pl\/polityka-prywatnosci\/","title":{"rendered":"Polityka Prywatno\u015bci"},"content":{"rendered":"\n<style type=\"text\/css\" data-created_by=\"avia_inline_auto\" id=\"style-css-av-krumq0u1-e73807c668250ffef5c12166ec917ce7\">\n#top .av-special-heading.av-krumq0u1-e73807c668250ffef5c12166ec917ce7{\npadding-bottom:10px;\n}\nbody .av-special-heading.av-krumq0u1-e73807c668250ffef5c12166ec917ce7 .av-special-heading-tag .heading-char{\nfont-size:25px;\n}\n.av-special-heading.av-krumq0u1-e73807c668250ffef5c12166ec917ce7 .av-subheading{\nfont-size:15px;\n}\n<\/style>\n<div  class='av-special-heading av-krumq0u1-e73807c668250ffef5c12166ec917ce7 av-special-heading-h1 blockquote modern-quote  avia-builder-el-0  el_before_av_textblock  avia-builder-el-first '><h1 class='av-special-heading-tag '  itemprop=\"headline\"  >Polityka Prywatno\u015bci Grupy Amiblu<\/h1><div class=\"special-heading-border\"><div class=\"special-heading-inner-border\"><\/div><\/div><\/div>\n<section  class='av_textblock_section av-kkxzxc1l-7f33b4d4b87faa09f279d9f27cda48f1 '   itemscope=\"itemscope\" itemtype=\"https:\/\/schema.org\/CreativeWork\" ><div class='avia_textblock'  itemprop=\"text\" ><p><strong>1. Informacje og\u00f3lne<\/strong><\/p>\n<p>Ochrona Twoich danych osobowych to dla nas sprawa kluczowa i ma dlatego wysoki priorytet. Z tego powodu Twoje dane przetwarzamy wy\u0142\u0105cznie w oparciu o obowi\u0105zuj\u0105ce przepisy o ochronie danych, ze szczeg\u00f3lnym uwzgl\u0119dnieniem postanowie\u0144 unijnego Og\u00f3lnego rozporz\u0105dzenia o ochronie danych (GDPR) oraz austriackiej Ustawy o ochronie danych oraz Ustawy o telekomunikacji. W niniejszym o\u015bwiadczeniu o ochronie danych informujemy o kluczowych aspektach przetwarzania danych w zwi\u0105zku z korzystaniem z naszej witryny internetowej.<\/p>\n<p><strong>2. Twoje dane<\/strong><\/p>\n<p><strong>2.1 Gromadzenie i przetwarzanie danych<\/strong><\/p>\n<p>Przetwarzanie przekazanych nam dobrowolnie danych osobowych w przypadku korzystania z okre\u015blonych us\u0142ug i portali jest konieczne do przetwarzania zapyta\u0144, zam\u00f3wie\u0144, wniosk\u00f3w itp. w celu przygotowywania i zawierania um\u00f3w oraz wysy\u0142ania biuletyn\u00f3w informacyjnych.<\/p>\n<p><strong>2.2 Przekazywanie danych<\/strong><\/p>\n<p>Twoje dane przekazujemy w ramach Grupy Amiblu, wy\u0142\u0105cznie je\u015bli s\u0142u\u017cy to wykonaniu umowy lub le\u017cy w Twoim interesie. Twoje dane traktujemy jako poufne i nie sprzedajemy, wypo\u017cyczamy ani w inny spos\u00f3b nie udost\u0119pniamy ich \u017cadnym osobom trzecim.<\/p>\n<p>Przekazanie danych instytucjom i organom w\u0142adz pa\u0144stwowych nast\u0119puje wy\u0142\u0105cznie w kontek\u015bcie bezwzgl\u0119dnie obowi\u0105zuj\u0105cych krajowych przepis\u00f3w prawnych.<\/p>\n<p><strong>3. Pliki cookie<\/strong><\/p>\n<p>Wszystkie witryny internetowe Amiblu korzystaj\u0105 z plik\u00f3w cookie. Plik cookie to ma\u0142y plik tekstowy przechowywany na Twoim komputerze. Plik cookie umo\u017cliwia Twojej przegl\u0105darce rozpoznanie Ciebie oraz Twoich ostatnich ustawie\u0144 (np. ustawie\u0144 j\u0119zykowych) na witrynie internetowej. Twoje ustawienia s\u0105 od razu dost\u0119pne i nie musisz ich ponownie wprowadza\u0107.<\/p>\n<p>Je\u015bli nie chcesz, aby\u015bmy rozpoznawali Twoje urz\u0105dzenie ko\u0144cowe, skonfiguruj swoj\u0105 przegl\u0105dark\u0119 internetow\u0105 tak, aby wszystkie pliki cookie by\u0142y usuwane z Twojego urz\u0105dzenia lub blokowane, b\u0105d\u017a aby przed zapisaniem pliku cookie by\u0142o wy\u015bwietlane ostrze\u017cenie.<\/p>\n<p>Prosimy zwr\u00f3ci\u0107 uwag\u0119 na to, \u017ce bez plik\u00f3w cookie niekt\u00f3re funkcje naszej witryny internetowej mog\u0105 przesta\u0107 dzia\u0142a\u0107 lub dzia\u0142a\u0107 w spos\u00f3b nieprawid\u0142owy.<\/p>\n<p><strong>4. Google Analytics<\/strong><\/p>\n<p>Niniejsza witryna internetowa korzysta z Google Analytics, internetowej us\u0142ugi analitycznej udost\u0119pnianej przez Google, Inc. (\u201eGoogle\u201d). Google Analytics stosuje pliki cookie, b\u0119d\u0105ce plikami tekstowymi umieszczanymi na Twoim komputerze, co pozwala na analizowanie sposobu, w jaki korzystasz z witryny internetowej. Generowane przez plik cookie informacje na temat sposobu korzystania z witryny internetowej (w tym Tw\u00f3j adres IP) s\u0105 przekazywane do Google i przechowywane przez ni\u0105 na serwerach w Stanach Zjednoczonych. Google wykorzystuje te informacje do oceny korzystania z witryny internetowej, sporz\u0105dzania sprawozda\u0144 z aktywno\u015bci na stronie internetowej dla operator\u00f3w witryny oraz \u015bwiadczenia innych us\u0142ug zwi\u0105zanych z aktywno\u015bci\u0105 witryny i u\u017cytkowaniem Internetu. Google mo\u017ce r\u00f3wnie\u017c przekazywa\u0107 takie informacje osobom trzecim, je\u015bli jest to wymagane prawem lub w przypadku, gdy informacje te s\u0105 przetwarzane przez takie osoby trzecie w imieniu Google. Google nie \u0142\u0105czy Twojego adresu IP z jakimikolwiek innymi, przechowywanymi przez siebie danymi.<\/p>\n<p>Wybieraj\u0105c odpowiednie ustawienia Twojej przegl\u0105darki, mo\u017cesz odm\u00f3wi\u0107 korzystania z plik\u00f3w cookie. Prosimy zwr\u00f3ci\u0107 uwag\u0119, i\u017c taka odmowa mo\u017ce skutkowa\u0107 niemo\u017cno\u015bci\u0105 korzystania z pe\u0142nej funkcjonalno\u015bci witryny internetowej. Ponadto, pobieraj\u0105c oraz instaluj\u0105c wtyczk\u0119 Google Analytics Opt-out Browser Add-on, mo\u017cesz uniemo\u017cliwi\u0107 Google gromadzenie i przetwarzanie danych w zwi\u0105zku z korzystaniem z witryny internetowej (w tym Twojego adresu IP).<\/p>\n<p>Korzystaj\u0105c z niniejszej witryny internetowej, wyra\u017casz swoj\u0105 zgod\u0119 na przetwarzanie Twoich danych gromadzonych przez Google w powy\u017cej opisany spos\u00f3b oraz do powy\u017cej wymienionych cel\u00f3w. Korzystanie z us\u0142ugi Google Analytics ma na celu wy\u0142\u0105cznie optymalizacj\u0119 witryn internetowych oraz ich projektowanie zgodnie z potrzebami u\u017cytkownik\u00f3w. Dodatkowe informacje na temat technologii stosowanych przez Google mo\u017cna uzyska\u0107 klikaj\u0105c link:\u00a0<a href=\"https:\/\/marketingplatform.google.com\/about\/analytics\/\" target=\"_blank\" rel=\"noopener noreferrer\">www.google.com\/analytics<\/a>.<\/p>\n<p><strong>5. Biuletyn informacyjny<\/strong><\/p>\n<p>Za po\u015brednictwem naszej witryny internetowej mo\u017cesz zapisa\u0107 si\u0119 na nasz biuletyn informacyjny. Do tego potrzebne b\u0119dzie nam Twoje imi\u0119 i nazwisko, adres poczty elektronicznej, nazwa pracodawcy, kraj zamieszkania oraz Twoja zgoda na otrzymywanie biuletynu informacyjnego i przetwarzanie danych osobowych.<\/p>\n<p>Preferencje dotycz\u0105ce otrzymywania biuletynu informacyjnego mo\u017cesz zmieni\u0107, a tak\u017ce ca\u0142kowicie zrezygnowa\u0107 z jego otrzymywania, bez wypowiedzenia, w obszarze Twojego konta lub wysy\u0142aj\u0105c list poczty elektronicznej na adres: info@amiblu.com. Twoje dane w zwi\u0105zku z zapisem na biuletyn informacyjny zostan\u0105 wtedy natychmiast zmienione lub usuni\u0119te.<\/p>\n<p><strong>6. Twoje prawa<\/strong><\/p>\n<p>Masz prawo za\u017c\u0105da\u0107 od Amiblu informacji na temat przechowywanych przez nas Twoich danych osobowych. Mo\u017cesz tak\u017ce za\u017c\u0105da\u0107, aby dane te zosta\u0142y poprawione, usuni\u0119te, b\u0105d\u017a ich przetwarzanie ograniczone lub wstrzymane, a tak\u017ce aby dane te zosta\u0142y ci lub wskazanej przez Ciebie osobie trzeciej przekazane w odpowiedniej formie.<\/p>\n<p>Je\u015bli Twoje \u017c\u0105danie nie mo\u017ce zosta\u0107 lub nie zostanie wykonane w ci\u0105gu jednego miesi\u0105ca od dnia jego otrzymania, przys\u0142ugiwa\u0107 Ci b\u0119dzie prawo do z\u0142o\u017cenia skargi do organu nadzorczego. W\u0142a\u015bciwym organem nadzorczym jest austriacki organ do spraw ochrony danych w Wiedniu.<\/p>\n<p><strong>7. Wasze pro\u015bby<\/strong><\/p>\n<p>W przypadku jakichkolwiek pyta\u0144 dotycz\u0105cych ochrony danych i wykonania praw wymienionych powy\u017cej prosimy o kontakt z koordynatorem ds. ochrony danych w Amiblu:<\/p>\n<p><strong>Amiblu Holding GmbH<br \/>\n<\/strong>Koordynator ds. ochrony danych<\/p>\n<p>Sterneckstra\u00dfe 19<br \/>\n9020 Klagenfurt am W\u00f6rthersee<br \/>\nAustria<\/p>\n<p><a href=\"mailto:privacy@amiblu.com\" target=\"_blank\" rel=\"noopener\">privacy@amiblu.com<\/a><\/p>\n<p><strong>Amiblu Poland Sp. z o.o.<\/strong><br \/>\nul. Koksownicza 11<br \/>\n41-300 D\u0105browa G\u00f3rnicza<br \/>\nNIP: 954-235-59-97<\/p>\n<p><strong>Inspektor Ochrony Danych Osobowych<\/strong><br \/>\nKatarzyna \u0141ucko\u015b<br \/>\n<a href=\"mailto:rodo@amiblu.com\" target=\"_blank\" rel=\"noopener\">rodo@amiblu.com<\/a><\/p>\n<p>Prosimy o podanie swoich danych kontaktowych, nazwy witryny internetowej lub us\u0142ugi oraz szczeg\u00f3\u0142owe opisanie swojego zapytania lub \u017c\u0105dania czy te\u017c w\u0105tpliwo\u015bci dotycz\u0105cych ochrony danych.<\/p>\n<p>Jednocze\u015bnie prosimy tak\u017ce o zrozumienie, i\u017c w celu zapewnienia ochrony przed wnioskami lub zapytaniami od nieupowa\u017cnionych os\u00f3b trzecich, informacji udzielamy wy\u0142\u0105cznie w formie pisemnej, przesy\u0142aj\u0105c je na adres pocztowy podany nam na odpowiednim portalu.<\/p>\n<p><strong>8. Zmiany Polityki prywatno\u015bci<\/strong><\/p>\n<p>Niniejsza polityka ochrony danych podlega zmianom. Zalecamy zatem jej okresowe przegl\u0105danie.<\/p>\n<\/div><\/section>\n","protected":false},"excerpt":{"rendered":"","protected":false},"author":5,"featured_media":0,"parent":0,"menu_order":210,"comment_status":"closed","ping_status":"closed","template":"","meta":{"_acf_changed":false,"footnotes":""},"class_list":["post-39955","page","type-page","status-publish","hentry"],"acf":[],"yoast_head":"<!-- This site is optimized with the Yoast SEO Premium plugin v27.4 (Yoast SEO v27.5) - https:\/\/yoast.com\/product\/yoast-seo-premium-wordpress\/ -->\n<title>Polityka Prywatno\u015bci Grupy Amiblu<\/title>\n<meta name=\"description\" content=\"W niniejszym o\u015bwiadczeniu o ochronie danych informujemy o kluczowych aspektach przetwarzania danych w zwi\u0105zku z korzystaniem z naszej witryny internetowej.\" \/>\n<meta name=\"robots\" content=\"index, follow, max-snippet:-1, max-image-preview:large, max-video-preview:-1\" \/>\n<link rel=\"canonical\" href=\"https:\/\/www.amiblu.com\/pl\/polityka-prywatnosci\/\" \/>\n<meta property=\"og:locale\" content=\"pl_PL\" \/>\n<meta property=\"og:type\" content=\"article\" \/>\n<meta property=\"og:title\" content=\"Polityka Prywatno\u015bci\" \/>\n<meta property=\"og:description\" content=\"W niniejszym o\u015bwiadczeniu o ochronie danych informujemy o kluczowych aspektach przetwarzania danych w zwi\u0105zku z korzystaniem z naszej witryny internetowej.\" \/>\n<meta property=\"og:url\" content=\"https:\/\/www.amiblu.com\/pl\/polityka-prywatnosci\/\" \/>\n<meta property=\"og:site_name\" content=\"Amiblu\" \/>\n<meta property=\"article:publisher\" content=\"https:\/\/www.facebook.com\/amiblupipes\" \/>\n<meta property=\"article:modified_time\" content=\"2022-11-15T11:19:36+00:00\" \/>\n<meta name=\"twitter:card\" content=\"summary_large_image\" \/>\n<meta name=\"twitter:label1\" content=\"Szacowany czas czytania\" \/>\n\t<meta name=\"twitter:data1\" content=\"4 minuty\" \/>\n<script type=\"application\/ld+json\" class=\"yoast-schema-graph\">{\"@context\":\"https:\\\/\\\/schema.org\",\"@graph\":[{\"@type\":\"WebPage\",\"@id\":\"https:\\\/\\\/www.amiblu.com\\\/pl\\\/polityka-prywatnosci\\\/\",\"url\":\"https:\\\/\\\/www.amiblu.com\\\/pl\\\/polityka-prywatnosci\\\/\",\"name\":\"Polityka Prywatno\u015bci Grupy Amiblu\",\"isPartOf\":{\"@id\":\"https:\\\/\\\/www.amiblu.com\\\/pl\\\/#website\"},\"datePublished\":\"2021-08-02T12:50:09+00:00\",\"dateModified\":\"2022-11-15T11:19:36+00:00\",\"description\":\"W niniejszym o\u015bwiadczeniu o ochronie danych informujemy o kluczowych aspektach przetwarzania danych w zwi\u0105zku z korzystaniem z naszej witryny internetowej.\",\"inLanguage\":\"pl-PL\",\"potentialAction\":[{\"@type\":\"ReadAction\",\"target\":[\"https:\\\/\\\/www.amiblu.com\\\/pl\\\/polityka-prywatnosci\\\/\"]}]},{\"@type\":\"WebSite\",\"@id\":\"https:\\\/\\\/www.amiblu.com\\\/pl\\\/#website\",\"url\":\"https:\\\/\\\/www.amiblu.com\\\/pl\\\/\",\"name\":\"Amiblu\",\"description\":\"GFK-Rohrsysteme f\u00fcr Generationen\",\"publisher\":{\"@id\":\"https:\\\/\\\/www.amiblu.com\\\/pl\\\/#organization\"},\"potentialAction\":[{\"@type\":\"SearchAction\",\"target\":{\"@type\":\"EntryPoint\",\"urlTemplate\":\"https:\\\/\\\/www.amiblu.com\\\/pl\\\/?s={search_term_string}\"},\"query-input\":{\"@type\":\"PropertyValueSpecification\",\"valueRequired\":true,\"valueName\":\"search_term_string\"}}],\"inLanguage\":\"pl-PL\"},{\"@type\":\"Organization\",\"@id\":\"https:\\\/\\\/www.amiblu.com\\\/pl\\\/#organization\",\"name\":\"Amiblu Group\",\"url\":\"https:\\\/\\\/www.amiblu.com\\\/pl\\\/\",\"logo\":{\"@type\":\"ImageObject\",\"inLanguage\":\"pl-PL\",\"@id\":\"https:\\\/\\\/www.amiblu.com\\\/pl\\\/#\\\/schema\\\/logo\\\/image\\\/\",\"url\":\"https:\\\/\\\/www.amiblu.com\\\/wp-content\\\/uploads\\\/2021\\\/01\\\/Amiblu-logo-website-1.png\",\"contentUrl\":\"https:\\\/\\\/www.amiblu.com\\\/wp-content\\\/uploads\\\/2021\\\/01\\\/Amiblu-logo-website-1.png\",\"width\":201,\"height\":38,\"caption\":\"Amiblu Group\"},\"image\":{\"@id\":\"https:\\\/\\\/www.amiblu.com\\\/pl\\\/#\\\/schema\\\/logo\\\/image\\\/\"},\"sameAs\":[\"https:\\\/\\\/www.facebook.com\\\/amiblupipes\",\"https:\\\/\\\/www.youtube.com\\\/c\\\/Amiblu\",\"https:\\\/\\\/de.wikipedia.org\\\/wiki\\\/Amiblu\",\"https:\\\/\\\/www.linkedin.com\\\/company\\\/amiblupipes\\\/\"]}]}<\/script>\n<!-- \/ Yoast SEO Premium plugin. -->","yoast_head_json":{"title":"Polityka Prywatno\u015bci Grupy Amiblu","description":"W niniejszym o\u015bwiadczeniu o ochronie danych informujemy o kluczowych aspektach przetwarzania danych w zwi\u0105zku z korzystaniem z naszej witryny internetowej.","robots":{"index":"index","follow":"follow","max-snippet":"max-snippet:-1","max-image-preview":"max-image-preview:large","max-video-preview":"max-video-preview:-1"},"canonical":"https:\/\/www.amiblu.com\/pl\/polityka-prywatnosci\/","og_locale":"pl_PL","og_type":"article","og_title":"Polityka Prywatno\u015bci","og_description":"W niniejszym o\u015bwiadczeniu o ochronie danych informujemy o kluczowych aspektach przetwarzania danych w zwi\u0105zku z korzystaniem z naszej witryny internetowej.","og_url":"https:\/\/www.amiblu.com\/pl\/polityka-prywatnosci\/","og_site_name":"Amiblu","article_publisher":"https:\/\/www.facebook.com\/amiblupipes","article_modified_time":"2022-11-15T11:19:36+00:00","twitter_card":"summary_large_image","twitter_misc":{"Szacowany czas czytania":"4 minuty"},"schema":{"@context":"https:\/\/schema.org","@graph":[{"@type":"WebPage","@id":"https:\/\/www.amiblu.com\/pl\/polityka-prywatnosci\/","url":"https:\/\/www.amiblu.com\/pl\/polityka-prywatnosci\/","name":"Polityka Prywatno\u015bci Grupy Amiblu","isPartOf":{"@id":"https:\/\/www.amiblu.com\/pl\/#website"},"datePublished":"2021-08-02T12:50:09+00:00","dateModified":"2022-11-15T11:19:36+00:00","description":"W niniejszym o\u015bwiadczeniu o ochronie danych informujemy o kluczowych aspektach przetwarzania danych w zwi\u0105zku z korzystaniem z naszej witryny internetowej.","inLanguage":"pl-PL","potentialAction":[{"@type":"ReadAction","target":["https:\/\/www.amiblu.com\/pl\/polityka-prywatnosci\/"]}]},{"@type":"WebSite","@id":"https:\/\/www.amiblu.com\/pl\/#website","url":"https:\/\/www.amiblu.com\/pl\/","name":"Amiblu","description":"GFK-Rohrsysteme f\u00fcr Generationen","publisher":{"@id":"https:\/\/www.amiblu.com\/pl\/#organization"},"potentialAction":[{"@type":"SearchAction","target":{"@type":"EntryPoint","urlTemplate":"https:\/\/www.amiblu.com\/pl\/?s={search_term_string}"},"query-input":{"@type":"PropertyValueSpecification","valueRequired":true,"valueName":"search_term_string"}}],"inLanguage":"pl-PL"},{"@type":"Organization","@id":"https:\/\/www.amiblu.com\/pl\/#organization","name":"Amiblu Group","url":"https:\/\/www.amiblu.com\/pl\/","logo":{"@type":"ImageObject","inLanguage":"pl-PL","@id":"https:\/\/www.amiblu.com\/pl\/#\/schema\/logo\/image\/","url":"https:\/\/www.amiblu.com\/wp-content\/uploads\/2021\/01\/Amiblu-logo-website-1.png","contentUrl":"https:\/\/www.amiblu.com\/wp-content\/uploads\/2021\/01\/Amiblu-logo-website-1.png","width":201,"height":38,"caption":"Amiblu Group"},"image":{"@id":"https:\/\/www.amiblu.com\/pl\/#\/schema\/logo\/image\/"},"sameAs":["https:\/\/www.facebook.com\/amiblupipes","https:\/\/www.youtube.com\/c\/Amiblu","https:\/\/de.wikipedia.org\/wiki\/Amiblu","https:\/\/www.linkedin.com\/company\/amiblupipes\/"]}]}},"_links":{"self":[{"href":"https:\/\/www.amiblu.com\/pl\/wp-json\/wp\/v2\/pages\/39955","targetHints":{"allow":["GET"]}}],"collection":[{"href":"https:\/\/www.amiblu.com\/pl\/wp-json\/wp\/v2\/pages"}],"about":[{"href":"https:\/\/www.amiblu.com\/pl\/wp-json\/wp\/v2\/types\/page"}],"author":[{"embeddable":true,"href":"https:\/\/www.amiblu.com\/pl\/wp-json\/wp\/v2\/users\/5"}],"replies":[{"embeddable":true,"href":"https:\/\/www.amiblu.com\/pl\/wp-json\/wp\/v2\/comments?post=39955"}],"version-history":[{"count":12,"href":"https:\/\/www.amiblu.com\/pl\/wp-json\/wp\/v2\/pages\/39955\/revisions"}],"predecessor-version":[{"id":53537,"href":"https:\/\/www.amiblu.com\/pl\/wp-json\/wp\/v2\/pages\/39955\/revisions\/53537"}],"wp:attachment":[{"href":"https:\/\/www.amiblu.com\/pl\/wp-json\/wp\/v2\/media?parent=39955"}],"curies":[{"name":"wp","href":"https:\/\/api.w.org\/{rel}","templated":true}]}}